{"id":14,"date":"2018-10-04T18:11:34","date_gmt":"2018-10-04T16:11:34","guid":{"rendered":"http:\/\/wordpress.btf317.at\/?page_id=14"},"modified":"2025-03-04T12:10:05","modified_gmt":"2025-03-04T11:10:05","slug":"die-fw-obb","status":"publish","type":"page","link":"https:\/\/www.fw-oebb.at\/index.php\/die-fw-obb\/","title":{"rendered":"Die FW \u00d6BB"},"content":{"rendered":"\t\t<div data-elementor-type=\"wp-post\" data-elementor-id=\"14\" class=\"elementor elementor-14\">\n\t\t\t\t\t\t<section class=\"elementor-section elementor-top-section elementor-element elementor-element-bbcf74d elementor-section-boxed elementor-section-height-default elementor-section-height-default\" data-id=\"bbcf74d\" data-element_type=\"section\" data-e-type=\"section\">\n\t\t\t\t\t\t<div class=\"elementor-container elementor-column-gap-default\">\n\t\t\t\t\t<div class=\"elementor-column elementor-col-100 elementor-top-column elementor-element elementor-element-dd8bcf2\" data-id=\"dd8bcf2\" data-element_type=\"column\" data-e-type=\"column\">\n\t\t\t<div class=\"elementor-widget-wrap elementor-element-populated\">\n\t\t\t\t\t\t<div class=\"elementor-element elementor-element-fd18419 elementor-widget elementor-widget-heading\" data-id=\"fd18419\" data-element_type=\"widget\" data-e-type=\"widget\" data-widget_type=\"heading.default\">\n\t\t\t\t<div class=\"elementor-widget-container\">\n\t\t\t\t\t<h2 class=\"elementor-heading-title elementor-size-default\">Chronologie FW \u00d6BB<\/h2>\t\t\t\t<\/div>\n\t\t\t\t<\/div>\n\t\t\t\t<div class=\"elementor-element elementor-element-99925e2 elementor-widget elementor-widget-image\" data-id=\"99925e2\" data-element_type=\"widget\" data-e-type=\"widget\" data-widget_type=\"image.default\">\n\t\t\t\t<div class=\"elementor-widget-container\">\n\t\t\t\t\t\t\t\t\t\t\t\t\t\t\t<img fetchpriority=\"high\" decoding=\"async\" width=\"1024\" height=\"683\" src=\"https:\/\/www.fw-oebb.at\/wp-content\/uploads\/2020\/02\/20200208-K-270-34.-JHV-alle-Bilder-hohe-Aufl\u00f6sung-1024x683.jpg\" class=\"attachment-large size-large wp-image-3325\" alt=\"\" srcset=\"https:\/\/www.fw-oebb.at\/wp-content\/uploads\/2020\/02\/20200208-K-270-34.-JHV-alle-Bilder-hohe-Aufl\u00f6sung-1024x683.jpg 1024w, https:\/\/www.fw-oebb.at\/wp-content\/uploads\/2020\/02\/20200208-K-270-34.-JHV-alle-Bilder-hohe-Aufl\u00f6sung-300x200.jpg 300w, https:\/\/www.fw-oebb.at\/wp-content\/uploads\/2020\/02\/20200208-K-270-34.-JHV-alle-Bilder-hohe-Aufl\u00f6sung-768x512.jpg 768w, https:\/\/www.fw-oebb.at\/wp-content\/uploads\/2020\/02\/20200208-K-270-34.-JHV-alle-Bilder-hohe-Aufl\u00f6sung-1536x1024.jpg 1536w, https:\/\/www.fw-oebb.at\/wp-content\/uploads\/2020\/02\/20200208-K-270-34.-JHV-alle-Bilder-hohe-Aufl\u00f6sung-2048x1365.jpg 2048w, https:\/\/www.fw-oebb.at\/wp-content\/uploads\/2020\/02\/20200208-K-270-34.-JHV-alle-Bilder-hohe-Aufl\u00f6sung-830x553.jpg 830w, https:\/\/www.fw-oebb.at\/wp-content\/uploads\/2020\/02\/20200208-K-270-34.-JHV-alle-Bilder-hohe-Aufl\u00f6sung-230x153.jpg 230w, https:\/\/www.fw-oebb.at\/wp-content\/uploads\/2020\/02\/20200208-K-270-34.-JHV-alle-Bilder-hohe-Aufl\u00f6sung-350x233.jpg 350w, https:\/\/www.fw-oebb.at\/wp-content\/uploads\/2020\/02\/20200208-K-270-34.-JHV-alle-Bilder-hohe-Aufl\u00f6sung-480x320.jpg 480w, https:\/\/www.fw-oebb.at\/wp-content\/uploads\/2020\/02\/20200208-K-270-34.-JHV-alle-Bilder-hohe-Aufl\u00f6sung-250x167.jpg 250w, https:\/\/www.fw-oebb.at\/wp-content\/uploads\/2020\/02\/20200208-K-270-34.-JHV-alle-Bilder-hohe-Aufl\u00f6sung-550x367.jpg 550w, https:\/\/www.fw-oebb.at\/wp-content\/uploads\/2020\/02\/20200208-K-270-34.-JHV-alle-Bilder-hohe-Aufl\u00f6sung-800x533.jpg 800w, https:\/\/www.fw-oebb.at\/wp-content\/uploads\/2020\/02\/20200208-K-270-34.-JHV-alle-Bilder-hohe-Aufl\u00f6sung-270x180.jpg 270w, https:\/\/www.fw-oebb.at\/wp-content\/uploads\/2020\/02\/20200208-K-270-34.-JHV-alle-Bilder-hohe-Aufl\u00f6sung-450x300.jpg 450w, https:\/\/www.fw-oebb.at\/wp-content\/uploads\/2020\/02\/20200208-K-270-34.-JHV-alle-Bilder-hohe-Aufl\u00f6sung-750x500.jpg 750w\" sizes=\"(max-width: 1024px) 100vw, 1024px\" \/>\t\t\t\t\t\t\t\t\t\t\t\t\t\t\t<\/div>\n\t\t\t\t<\/div>\n\t\t\t\t<div class=\"elementor-element elementor-element-4c27dc8 elementor-widget elementor-widget-text-editor\" data-id=\"4c27dc8\" data-element_type=\"widget\" data-e-type=\"widget\" data-widget_type=\"text-editor.default\">\n\t\t\t\t<div class=\"elementor-widget-container\">\n\t\t\t\t\t\t\t\t\t<p><strong>1985:<\/strong><br \/>Gr\u00fcndung der Betriebsfeuerwehr mit einem Tankl\u00f6schfahrzeug und 30 Mann<\/p><p><strong>1989:<\/strong> <br \/>Anschaffung eines Anh\u00e4ngers<\/p><p><strong>1992:<\/strong> <br \/>Einf\u00fchrung der stillen Alarmierung mittels Pager<\/p><p><strong>1994:<\/strong> <br \/>Anschaffung eines Univerasll\u00f6schfahrzeuges und eines Gefahrenstoffahrzeuges<\/p><p><strong>1995:<\/strong><br \/>Segnung und offizielle Indienststellung des ULF&#8217;s und GSF&#8217;s<\/p><p><strong>1996:<\/strong><br \/>Beschaffung und Weihe der Feuerwehrfahne (Fahnenpatin Frau Xaveria D\u00fcr)<\/p><p><strong>1998:<\/strong> <br \/>Beginn der Planungsarbeiten f\u00fcr das Ger\u00e4tehaus durch die Feuerwehr<\/p><p><strong>2002:<\/strong> <br \/>Detailplanung des Feuerwehrhauses durch Architekt; Bezug der \u00dcbergangsunterkunft (Waggon), Beginn der Abbrucharbeiten, welche vollst\u00e4ndig in Eigenregie durchgef\u00fchrt wurde, Zeitaufwand rund 4500 Stunden<\/p><p><strong>2003:<\/strong> <br \/>Beginn der Bauarbeiten<\/p><p><strong>2004:<\/strong> <br \/>Fertigstellung und Einzug ins neue Ger\u00e4tehaus im April 2004<\/p><p><strong>2008:<\/strong> <br \/>Einf\u00fchrung des Einsatzleitershuttledienst in Wolfurt<br \/>Eins\u00e4tze: 21<br \/>Personal: 27 Mann (Aktiv, Passiv, Ehren und Gastfeuerwehrm\u00e4nner)<\/p><p><strong>2009:<\/strong><br \/>Eins\u00e4tze: 38<br \/>Personal: 34 Mann (Aktiv, Passiv, Ehren und Gastfeuerwehrm\u00e4nner)<\/p><p><strong>2010:<\/strong><br \/>25 Jahre BTF \u00d6BB Infrastruktur am Standort in Wolfurt &amp; Einweihung Kleineinsatzfahrzeug, Einf\u00fchrung Einsatzleitershuttledienst und Er\u00f6ffnung St\u00fctzpunkt in Feldkirch<br \/>Eins\u00e4tze: 51<br \/>Personal: 38 Mann (Aktiv, Passiv, Ehren und Gastfeuerwehrm\u00e4nner)<\/p><p><strong>2011:<\/strong> <br \/>Beschaffung eines MTF und KDO-Fahrzeug<br \/>Eins\u00e4tze: 55<br \/>Personal: 42 Mann (Aktiv, Passiv, Ehren und Gastfeuerwehrm\u00e4nner)<\/p><p><strong>2012:<\/strong><br \/>Eins\u00e4tze: 43<br \/>Personal: 41 Mann (Aktiv, Passiv, Ehren und Gastfeuerwehrm\u00e4nner)<\/p><p><strong>2013:<\/strong> <br \/>Beschaffung eines 2. MTF und eines 2. KDO Fahrzeuges, Einf\u00fchrung Einsatzleitershuttledienst Bludenz, Er\u00f6ffnung St\u00fctzpunkt N\u00fcziders, Gesamtmannschaft inklusive Gastfeuerwehrm\u00e4nner auf 64 Mann Aktiv gestiegen,<br \/>Eins\u00e4tze: 46<br \/>Personal: 64 Mann (Aktiv, Passiv, Ehren und Gastfeuerwehrm\u00e4nner)<\/p><p><strong>2014:<\/strong> <br \/>Beschaffung KDO 3, Umbau GSF zum VF-C,<br \/>Eins\u00e4tze: 59<br \/>Personal: 63 Mann (Aktiv, Passiv, Ehren und Gastfeuerwehrm\u00e4nner)<\/p><p><strong>2015:<\/strong> <br \/>Ersatzbeschaffung Hydraulisches Rettungsger\u00e4t f\u00fcr Zugunf\u00e4lle,<br \/>Eins\u00e4tze: 81<br \/>Personal: 67 Mann (Aktiv, Passiv, Ehren und Gastfeuerwehrm\u00e4nner)<\/p><p><strong>2016:<\/strong> <br \/>Beschaffung VLF und VF (Quad),<br \/>Eins\u00e4tze: 72<br \/>Personal: 63 Mann (Aktiv, Passiv, Ehren und Gastfeuerwehrm\u00e4nner)<\/p><p><strong>2017:<\/strong> <br \/>Ersatzbeschaffung MTF1,<br \/>Eins\u00e4tze: 78<br \/>Personal: 68 Mann (Aktiv, Passiv, Ehren und Gastfeuerwehrm\u00e4nner)<\/p><p><strong>2018:<\/strong> <br \/>Erneuerung Beklebung Tunnell\u00f6schzug, Austragung Atemschutzleistungspr\u00fcfung,<br \/>Eins\u00e4tze: 112 <br \/>Personal: 69 Mann (Aktiv, Passiv, Ehren und Gastfeuerwehrm\u00e4nner)<\/p><p><strong>2019:<\/strong><br \/>Landeskatastrophen \u00dcbung &#8222;ZUG19&#8220;, \u00dcberstellung Nissan Note nach Moldawien<br \/>Eins\u00e4tze: 108<br \/>Personal: 68 Mann (Aktiv, Passiv, Ehren und Gastfeuerwehrm\u00e4nner)<\/p><p><span style=\"font-weight: 600;\">2020:<\/span><br \/>Anschaffung WLF und TL, Aufnahme von Sarina Breu\u00df als erstes weibliches Mitglied in die FW \u00d6BB<br \/>Corona Pandemie, Einschr\u00e4nkungen im \u00dcbungs-Ausbildungsdienst<br \/>Eins\u00e4tze: 91<br \/>Personal: 72 Mann\/Frau (Aktiv, Passiv, Ehren und Gastfeuerwehrm\u00e4nner)<\/p><p><span style=\"font-weight: 600;\">2021:<\/span><br \/>Fahrzeugsegnung WLF und TL, Teilnahme an der Jersusalema Dance Challenge,<br \/>Ausbildungsschwerpunkt in der Tunnelausbildung<br \/>Corona Pandemie, Einschr\u00e4nkungen im \u00dcbungs-Ausbildungsdienst<br \/>Eins\u00e4tze: 115<br \/>Personal: 73 Mann\/Frau (Aktiv, Passiv, Ehren und Gastfeuerwehrm\u00e4nner)<\/p><p><b>2022:<\/b><br \/>Einf\u00fchrung und Pilotkurs Tunnelkompetenzzentrum f\u00fcr Tunnelretter der \u00d6BB in ganz \u00d6sterreich<br \/>Eins\u00e4tze: 129<br \/>Personal: 74 Mann\/Frau (Aktiv, Passiv, Ehren und Gastfeuerwehrm\u00e4nner)<\/p><p><span style=\"font-weight: bold;\">2023:<\/span><br \/>Diverse Ausbildungen im Zuge Tunnelkompetenzzentrum f\u00fcr Tunnelretter der \u00d6BB in ganz \u00d6sterreich<br \/>100 Jahr Feier der \u00d6BB in Wien, Anschaffung WLF2<br \/>Eins\u00e4tze: 121<br \/>Personal: 77 Mann\/Frau (Aktiv, Passiv, Ehren und Gastfeuerwehrm\u00e4nner)<\/p><p><strong>2024:<br \/><\/strong>Empfang AB-Wasser, BTF Tagung in Salzburg<br \/>Eins\u00e4tze: 96<br \/>Personal: 75 Mann\/Frau (Aktiv, Passiv, Ehren und Gastfeuerwehrm\u00e4nner)<\/p>\t\t\t\t\t\t\t\t<\/div>\n\t\t\t\t<\/div>\n\t\t\t\t\t<\/div>\n\t\t<\/div>\n\t\t\t\t\t<\/div>\n\t\t<\/section>\n\t\t\t\t<\/div>\n\t\t","protected":false},"excerpt":{"rendered":"<p>Chronologie FW \u00d6BB 1985:Gr\u00fcndung der Betriebsfeuerwehr mit einem Tankl\u00f6schfahrzeug und 30 Mann 1989: Anschaffung eines Anh\u00e4ngers 1992: Einf\u00fchrung der stillen Alarmierung mittels [&hellip;]<\/p>\n","protected":false},"author":2,"featured_media":0,"parent":0,"menu_order":0,"comment_status":"closed","ping_status":"closed","template":"","meta":{"ngg_post_thumbnail":0,"footnotes":""},"class_list":["post-14","page","type-page","status-publish","hentry"],"_links":{"self":[{"href":"https:\/\/www.fw-oebb.at\/index.php\/wp-json\/wp\/v2\/pages\/14","targetHints":{"allow":["GET"]}}],"collection":[{"href":"https:\/\/www.fw-oebb.at\/index.php\/wp-json\/wp\/v2\/pages"}],"about":[{"href":"https:\/\/www.fw-oebb.at\/index.php\/wp-json\/wp\/v2\/types\/page"}],"author":[{"embeddable":true,"href":"https:\/\/www.fw-oebb.at\/index.php\/wp-json\/wp\/v2\/users\/2"}],"replies":[{"embeddable":true,"href":"https:\/\/www.fw-oebb.at\/index.php\/wp-json\/wp\/v2\/comments?post=14"}],"version-history":[{"count":39,"href":"https:\/\/www.fw-oebb.at\/index.php\/wp-json\/wp\/v2\/pages\/14\/revisions"}],"predecessor-version":[{"id":7326,"href":"https:\/\/www.fw-oebb.at\/index.php\/wp-json\/wp\/v2\/pages\/14\/revisions\/7326"}],"wp:attachment":[{"href":"https:\/\/www.fw-oebb.at\/index.php\/wp-json\/wp\/v2\/media?parent=14"}],"curies":[{"name":"wp","href":"https:\/\/api.w.org\/{rel}","templated":true}]}}