{"id":203,"date":"2018-10-10T13:17:52","date_gmt":"2018-10-10T11:17:52","guid":{"rendered":"http:\/\/wordpress.btf317.at\/?page_id=203"},"modified":"2018-10-14T15:35:03","modified_gmt":"2018-10-14T13:35:03","slug":"einsatzubersicht-2016","status":"publish","type":"page","link":"https:\/\/www.fw-oebb.at\/index.php\/einsatzubersicht-2016\/","title":{"rendered":"Einsatz\u00fcbersicht 2016"},"content":{"rendered":"\n<table id=\"tablepress-5\" class=\"tablepress tablepress-id-5\">\n<thead>\n<tr class=\"row-1\">\n\t<th class=\"column-1\"><strong>Nummer<\/strong><\/th><th class=\"column-2\"><strong>Datum<\/strong><\/th><th class=\"column-3\"><strong>Uhrzeit<\/strong><\/th><th class=\"column-4\"><strong>Stichwort<\/strong><\/th><th class=\"column-5\"><strong>Wo<\/strong><\/th><th class=\"column-6\"><strong>Was<\/strong><\/th><th class=\"column-7\"><strong>Art<\/strong><\/th>\n<\/tr>\n<\/thead>\n<tbody class=\"row-striping row-hover\">\n<tr class=\"row-2\">\n\t<td class=\"column-1\">72<\/td><td class=\"column-2\">29.12.2016<\/td><td class=\"column-3\">11:25<\/td><td class=\"column-4\">f11<\/td><td class=\"column-5\">Bahnhof Dornbirn<\/td><td class=\"column-6\"><a href=\"https:\/\/www.fw-oebb.at\/index.php\/2018\/12\/11\/einsatz-72-bahnhof-dornbirn-liftbefreiung\/\">Liftbefreiung<\/a><\/td><td class=\"column-7\">technisch<\/td>\n<\/tr>\n<tr class=\"row-3\">\n\t<td class=\"column-1\">71<\/td><td class=\"column-2\">28.12.2016<\/td><td class=\"column-3\">20:31<\/td><td class=\"column-4\">f2, r2<\/td><td class=\"column-5\">\u00d6BB Strecke Hohenems-Dornbirn<\/td><td class=\"column-6\"><a href=\"https:\/\/www.fw-oebb.at\/index.php\/2018\/12\/11\/einsatz-71-obb-strecke-hohenems-dornbirn-vermuteter-personenunfall\/\">vermuteter Personenunfall<\/a><\/td><td class=\"column-7\">technisch<\/td>\n<\/tr>\n<tr class=\"row-4\">\n\t<td class=\"column-1\">70<\/td><td class=\"column-2\">28.12.2016<\/td><td class=\"column-3\">07:58<\/td><td class=\"column-4\">f2<\/td><td class=\"column-5\">Haltestelle Riedenburg<\/td><td class=\"column-6\"><a href=\"https:\/\/www.fw-oebb.at\/index.php\/2018\/12\/11\/einsatz-70-haltestelle-riedenburg-mullkubelbrand\/\">M\u00fcllk\u00fcbelbrand<\/a><\/td><td class=\"column-7\">brand<\/td>\n<\/tr>\n<tr class=\"row-5\">\n\t<td class=\"column-1\">69<\/td><td class=\"column-2\">27.12.2016<\/td><td class=\"column-3\">06:18<\/td><td class=\"column-4\">f11<\/td><td class=\"column-5\">Wolfurt \u00d6BB Betriebsgeb\u00e4ude<\/td><td class=\"column-6\"><a href=\"https:\/\/www.fw-oebb.at\/index.php\/2018\/12\/11\/einsatz-69-wolfurt-obb-betriebsgebaude-liftbefreiung\/\">Liftbefreiung<\/a><\/td><td class=\"column-7\">technisch<\/td>\n<\/tr>\n<tr class=\"row-6\">\n\t<td class=\"column-1\">68<\/td><td class=\"column-2\">21.12.2016<\/td><td class=\"column-3\">12:30<\/td><td class=\"column-4\">f10<\/td><td class=\"column-5\">Bahnhof Lustenau<\/td><td class=\"column-6\"><a href=\"https:\/\/www.fw-oebb.at\/index.php\/2018\/12\/11\/einsatz-68-bahnhof-lustenau-abklarung\/\">Abkl\u00e4rung<\/a><\/td><td class=\"column-7\">technisch<\/td>\n<\/tr>\n<tr class=\"row-7\">\n\t<td class=\"column-1\">67<\/td><td class=\"column-2\">10.12.2016<\/td><td class=\"column-3\">05:34<\/td><td class=\"column-4\">f11<\/td><td class=\"column-5\">Bahnhof Hohenems<\/td><td class=\"column-6\"><a href=\"https:\/\/www.fw-oebb.at\/index.php\/2018\/12\/11\/einsatz-67-bahnhof-hohenems-liftbefreiung\/\">Liftbefreiung<\/a><\/td><td class=\"column-7\">technisch<\/td>\n<\/tr>\n<tr class=\"row-8\">\n\t<td class=\"column-1\">66<\/td><td class=\"column-2\">09.12.2016<\/td><td class=\"column-3\">06:14<\/td><td class=\"column-4\">f11<\/td><td class=\"column-5\">Bahnhof Dornbirn<\/td><td class=\"column-6\"><a href=\"https:\/\/www.fw-oebb.at\/index.php\/2018\/12\/11\/einsatz-66-bahnhof-dornbirn-liftbefreiung\/\">Liftbefreiung<\/a><\/td><td class=\"column-7\">technisch<\/td>\n<\/tr>\n<tr class=\"row-9\">\n\t<td class=\"column-1\">65<\/td><td class=\"column-2\">07.12.2016<\/td><td class=\"column-3\">08:23<\/td><td class=\"column-4\">f1<\/td><td class=\"column-5\">Bahnhof Bludenz<\/td><td class=\"column-6\"><a href=\"https:\/\/www.fw-oebb.at\/index.php\/2018\/12\/11\/einsatz-65-bahnhof-bludenz-olaustritt\/\">\u00d6laustritt<\/a><\/td><td class=\"column-7\">technisch<\/td>\n<\/tr>\n<tr class=\"row-10\">\n\t<td class=\"column-1\">64<\/td><td class=\"column-2\">06.12.2016<\/td><td class=\"column-3\">16:49<\/td><td class=\"column-4\">f11<\/td><td class=\"column-5\">Dornbirn Schlachthausstra\u00dfe<\/td><td class=\"column-6\"><a href=\"https:\/\/www.fw-oebb.at\/index.php\/2018\/12\/11\/einsatz-64-dornbirn-schlachthausstrase-lkw-gegen-bahnunterfuhrung\/\">LKW gegen Bahnunterf\u00fchrung<\/a><\/td><td class=\"column-7\">technisch<\/td>\n<\/tr>\n<tr class=\"row-11\">\n\t<td class=\"column-1\">63<\/td><td class=\"column-2\">24.11.2016<\/td><td class=\"column-3\">18:59<\/td><td class=\"column-4\">f2<\/td><td class=\"column-5\">Wolfurt \u00d6BB \u00dcbernachtungsgeb\u00e4ude<\/td><td class=\"column-6\"><a href=\"https:\/\/www.fw-oebb.at\/index.php\/2018\/12\/11\/einsatz-63-wolfurt-obb-ubernachtungsgebaude-liftbefreiung\/\">Liftbefreiung<\/a><\/td><td class=\"column-7\">technisch<\/td>\n<\/tr>\n<tr class=\"row-12\">\n\t<td class=\"column-1\">62<\/td><td class=\"column-2\">24.11.2016<\/td><td class=\"column-3\">13:45<\/td><td class=\"column-4\">f10<\/td><td class=\"column-5\">Wolfurt G\u00fcterbahnhof<\/td><td class=\"column-6\"><a href=\"https:\/\/www.fw-oebb.at\/index.php\/2018\/12\/11\/einsatz-62-wolfurt-guterbahnhof-kleinbrand\/\">Kleinbrand<\/a><\/td><td class=\"column-7\">brand<\/td>\n<\/tr>\n<tr class=\"row-13\">\n\t<td class=\"column-1\">61<\/td><td class=\"column-2\">20.11.2016<\/td><td class=\"column-3\">02:43<\/td><td class=\"column-4\">f2, r2<\/td><td class=\"column-5\">Bahnhof Hohenems<\/td><td class=\"column-6\"><a href=\"https:\/\/www.fw-oebb.at\/index.php\/2018\/12\/11\/einsatz-61-bahnhof-hohenems-personenunfall\/\">Personenunfall<\/a><\/td><td class=\"column-7\">technisch<\/td>\n<\/tr>\n<tr class=\"row-14\">\n\t<td class=\"column-1\">60<\/td><td class=\"column-2\">16.11.2016<\/td><td class=\"column-3\">18:01<\/td><td class=\"column-4\">f14<\/td><td class=\"column-5\">Wolfurt \u00d6BB \u00dcbernachtungsgeb\u00e4ude<\/td><td class=\"column-6\"><a href=\"https:\/\/www.fw-oebb.at\/index.php\/2018\/12\/11\/einsatz-60-wolfurt-obb-ubernachtungsgebaude-bma-hat-ausgelost\/\">BMA hat ausgel\u00f6st<\/a><\/td><td class=\"column-7\">brand<\/td>\n<\/tr>\n<tr class=\"row-15\">\n\t<td class=\"column-1\">59<\/td><td class=\"column-2\">06.11.2016<\/td><td class=\"column-3\">07:37<\/td><td class=\"column-4\">f2, r2<\/td><td class=\"column-5\">Bahnhof Feldkirch <\/td><td class=\"column-6\"><a href=\"https:\/\/www.fw-oebb.at\/index.php\/2018\/12\/11\/einsatz-59-bahnhof-feldkirch-reglose-person-in-waggon\/\">reglose Person in Waggon<\/a><\/td><td class=\"column-7\">technisch<\/td>\n<\/tr>\n<tr class=\"row-16\">\n\t<td class=\"column-1\">58<\/td><td class=\"column-2\">03.11.2016<\/td><td class=\"column-3\">12:46<\/td><td class=\"column-4\">f11<\/td><td class=\"column-5\">Bahnhof Hohenems<\/td><td class=\"column-6\"><a href=\"https:\/\/www.fw-oebb.at\/index.php\/2018\/12\/11\/einsatz-58-bahnhof-hohenems-liftbefreiung\/\">Liftbefreiung<\/a><\/td><td class=\"column-7\">technisch<\/td>\n<\/tr>\n<tr class=\"row-17\">\n\t<td class=\"column-1\">57<\/td><td class=\"column-2\">28.10.2016<\/td><td class=\"column-3\">12:34<\/td><td class=\"column-4\">f14<\/td><td class=\"column-5\">Wolfurt Gebr. Weiss Hochregallager<\/td><td class=\"column-6\"><a href=\"https:\/\/www.fw-oebb.at\/index.php\/2018\/12\/11\/einsatz-57-wolfurt-gebr-weiss-hochregallager-bma-hat-ausgelost\/\">BMA hat ausgel\u00f6st<\/a><\/td><td class=\"column-7\">brand<\/td>\n<\/tr>\n<tr class=\"row-18\">\n\t<td class=\"column-1\">56<\/td><td class=\"column-2\">12.10.2016<\/td><td class=\"column-3\">08:49<\/td><td class=\"column-4\">f11<\/td><td class=\"column-5\">Haltestelle Lauterach<\/td><td class=\"column-6\"><a href=\"https:\/\/www.fw-oebb.at\/index.php\/2018\/12\/11\/einsatz-56-haltestelle-lauterach-shuttledienst-wird-benotigt\/\">Shuttledienst wird ben\u00f6tigt<\/a><\/td><td class=\"column-7\">technisch<\/td>\n<\/tr>\n<tr class=\"row-19\">\n\t<td class=\"column-1\">55<\/td><td class=\"column-2\">09.10.2016<\/td><td class=\"column-3\">12:08<\/td><td class=\"column-4\">f11<\/td><td class=\"column-5\">Bahnhof Dornbirn<\/td><td class=\"column-6\"><a href=\"https:\/\/www.fw-oebb.at\/index.php\/2018\/12\/11\/einsatz-55-bahnhof-dornbirn-liftbefreiung\/\">Liftbefreiung<\/a><\/td><td class=\"column-7\">technisch<\/td>\n<\/tr>\n<tr class=\"row-20\">\n\t<td class=\"column-1\">54<\/td><td class=\"column-2\">19.09.2016<\/td><td class=\"column-3\">11:29<\/td><td class=\"column-4\">f1<\/td><td class=\"column-5\">Wolfurt Kesselstra\u00dfe<\/td><td class=\"column-6\"><a href=\"https:\/\/www.fw-oebb.at\/index.php\/2018\/12\/11\/einsatz-54-wolfurt-kesselstrase-unterfuhrung-unter-wasser\/\">Unterf\u00fchrung unter Wasser<\/a><\/td><td class=\"column-7\">technisch<\/td>\n<\/tr>\n<tr class=\"row-21\">\n\t<td class=\"column-1\">53<\/td><td class=\"column-2\">09.09.2016<\/td><td class=\"column-3\">21:17<\/td><td class=\"column-4\">f11<\/td><td class=\"column-5\">Bahnhof Hohenems<\/td><td class=\"column-6\"><a href=\"https:\/\/www.fw-oebb.at\/index.php\/2018\/12\/11\/einsatz-53-bahnhof-hohenems-liftbefreiung\/\">Liftbefreiung<\/a><\/td><td class=\"column-7\">technisch<\/td>\n<\/tr>\n<tr class=\"row-22\">\n\t<td class=\"column-1\">52<\/td><td class=\"column-2\">08.09.2016<\/td><td class=\"column-3\">00:08<\/td><td class=\"column-4\">f11<\/td><td class=\"column-5\">G\u00fcterbahnhof Wolfurt<\/td><td class=\"column-6\"><a href=\"https:\/\/www.fw-oebb.at\/index.php\/2018\/12\/11\/einsatz-52-guterbahnhof-wolfurt-shuttledienst-wird-benotigt\/\">Shuttledienst wird ben\u00f6tigt<\/a><\/td><td class=\"column-7\">technisch<\/td>\n<\/tr>\n<tr class=\"row-23\">\n\t<td class=\"column-1\">51<\/td><td class=\"column-2\">01.09.2016<\/td><td class=\"column-3\">08:11<\/td><td class=\"column-4\">f2<\/td><td class=\"column-5\">Wolfurt Gebr. Weiss Hochregallager<\/td><td class=\"column-6\"><a href=\"https:\/\/www.fw-oebb.at\/index.php\/2018\/12\/11\/einsatz-51-wolfurt-gebr-weiss-hochregallager-kanister-beschadigt\/\">Kanister besch\u00e4digt<\/a><\/td><td class=\"column-7\">technisch<\/td>\n<\/tr>\n<tr class=\"row-24\">\n\t<td class=\"column-1\">50<\/td><td class=\"column-2\">29.08.2016<\/td><td class=\"column-3\">12:05<\/td><td class=\"column-4\">f1<\/td><td class=\"column-5\">Wolfurt Gebr. Weiss<\/td><td class=\"column-6\"><a href=\"https:\/\/www.fw-oebb.at\/index.php\/2018\/12\/11\/einsatz-50-gebruder-weiss-wolfurt-wasser-einsatz\/\">Wasser Einsatz<\/a><\/td><td class=\"column-7\">technisch<\/td>\n<\/tr>\n<tr class=\"row-25\">\n\t<td class=\"column-1\">49<\/td><td class=\"column-2\">24.08.2016<\/td><td class=\"column-3\">12:03<\/td><td class=\"column-4\">f14<\/td><td class=\"column-5\">Wolfurt \u00d6BB Postbus<\/td><td class=\"column-6\"><a href=\"https:\/\/www.fw-oebb.at\/index.php\/2018\/12\/11\/einsatz-49-wolfurt-obb-postbus-bma-hat-ausgelost\/\">BMA hat ausgel\u00f6st<\/a><\/td><td class=\"column-7\">brand<\/td>\n<\/tr>\n<tr class=\"row-26\">\n\t<td class=\"column-1\">48<\/td><td class=\"column-2\">18.08.2016<\/td><td class=\"column-3\">22:11<\/td><td class=\"column-4\">f11<\/td><td class=\"column-5\">Bahnhof Ludesch<\/td><td class=\"column-6\"><a href=\"https:\/\/www.fw-oebb.at\/index.php\/2018\/12\/11\/einsatz-48-bahnhof-ludesch-shuttledienst-wird-benotigt\/\">Shuttledienst wird ben\u00f6tigt<\/a><\/td><td class=\"column-7\">technisch<\/td>\n<\/tr>\n<tr class=\"row-27\">\n\t<td class=\"column-1\">47<\/td><td class=\"column-2\">16.08.2016<\/td><td class=\"column-3\">06:51<\/td><td class=\"column-4\">f11, r2<\/td><td class=\"column-5\">Haltestelle Sulz\/R\u00f6this<\/td><td class=\"column-6\"><a href=\"https:\/\/www.fw-oebb.at\/index.php\/2018\/12\/11\/einsatz-47-haltestelle-sulz-rothis-personenunfall\/\">Personenunfall<\/a><\/td><td class=\"column-7\">technisch<\/td>\n<\/tr>\n<tr class=\"row-28\">\n\t<td class=\"column-1\">46<\/td><td class=\"column-2\">14.08.2016<\/td><td class=\"column-3\">15:42<\/td><td class=\"column-4\">f11<\/td><td class=\"column-5\">Bahnhof Feldkirch<\/td><td class=\"column-6\"><a href=\"https:\/\/www.fw-oebb.at\/index.php\/2018\/12\/11\/einsatz-46-banhof-feldkirch-liftbefreiung\/\">Liftbefreiung<\/a><\/td><td class=\"column-7\">technisch<\/td>\n<\/tr>\n<tr class=\"row-29\">\n\t<td class=\"column-1\">45<\/td><td class=\"column-2\">12.08.2016<\/td><td class=\"column-3\">23:27<\/td><td class=\"column-4\">f2<\/td><td class=\"column-5\">Bahnhof Rankweil<\/td><td class=\"column-6\"><a href=\"https:\/\/www.fw-oebb.at\/index.php\/2018\/12\/11\/einsatz-45-bahnhof-rankweil-mullkubelbrand\/\">M\u00fcllk\u00fcbelbrand<\/a><\/td><td class=\"column-7\">brand<\/td>\n<\/tr>\n<tr class=\"row-30\">\n\t<td class=\"column-1\">44<\/td><td class=\"column-2\">12.08.2016<\/td><td class=\"column-3\">22:50<\/td><td class=\"column-4\">f2<\/td><td class=\"column-5\">Arlbergbahn Westrampe<\/td><td class=\"column-6\"><a href=\"https:\/\/www.fw-oebb.at\/index.php\/2018\/12\/11\/einsatz-44-arlbergbahn-westrampe-bahnschwelle-brennt\/\">Bahnschwelle brennt<\/a><\/td><td class=\"column-7\">brand<\/td>\n<\/tr>\n<tr class=\"row-31\">\n\t<td class=\"column-1\">43<\/td><td class=\"column-2\">05.08.2016<\/td><td class=\"column-3\">13:32<\/td><td class=\"column-4\">f1<\/td><td class=\"column-5\">Bahnhof Bregenz<\/td><td class=\"column-6\"><a href=\"https:\/\/www.fw-oebb.at\/index.php\/2018\/12\/11\/einsatz-43-bahnhof-bregenz-kollektor-unter-wasser\/\">Kollektor unter Wasser<\/a><\/td><td class=\"column-7\">technisch<\/td>\n<\/tr>\n<tr class=\"row-32\">\n\t<td class=\"column-1\">42<\/td><td class=\"column-2\">05.08.2016<\/td><td class=\"column-3\">13:11<\/td><td class=\"column-4\">f1<\/td><td class=\"column-5\">Wolfurt \u00d6BB Umweltschutzgleis<\/td><td class=\"column-6\"><a href=\"https:\/\/www.fw-oebb.at\/index.php\/2018\/12\/11\/einsatz-42-wolfurt-obb-umweltschutzgleis-pumparbeiten\/\">Pumparbeiten<\/a><\/td><td class=\"column-7\">technisch<\/td>\n<\/tr>\n<tr class=\"row-33\">\n\t<td class=\"column-1\">41<\/td><td class=\"column-2\">05.08.2016<\/td><td class=\"column-3\">12:53<\/td><td class=\"column-4\">f1<\/td><td class=\"column-5\">Wolfurt Kesselstra\u00dfe<\/td><td class=\"column-6\"><a href=\"https:\/\/www.fw-oebb.at\/index.php\/2018\/12\/11\/einsatz-41-wolfurt-kesselstrase-untefuhrung-uberflutet\/\">Unterf\u00fchrung unter Wasser<\/a><\/td><td class=\"column-7\">technisch<\/td>\n<\/tr>\n<tr class=\"row-34\">\n\t<td class=\"column-1\">40<\/td><td class=\"column-2\">05.08.2016<\/td><td class=\"column-3\">00:54<\/td><td class=\"column-4\">f10<\/td><td class=\"column-5\">Bahnhof Frastanz<\/td><td class=\"column-6\"><a href=\"https:\/\/www.fw-oebb.at\/index.php\/2018\/12\/11\/einsatz-40-bahnhof-frastanz-parkplatz-unter-wasser\/\">Parkplatz unter Wasser<\/a><\/td><td class=\"column-7\">technisch<\/td>\n<\/tr>\n<tr class=\"row-35\">\n\t<td class=\"column-1\">39<\/td><td class=\"column-2\">04.08.2016<\/td><td class=\"column-3\">14:59<\/td><td class=\"column-4\">f2<\/td><td class=\"column-5\">Wolfurt Zollamt<\/td><td class=\"column-6\"><a href=\"https:\/\/www.fw-oebb.at\/index.php\/2018\/12\/11\/einsatz-39-zollamt-wolfurt-chloridlosung-ausgekommen\/\">Chloridl\u00f6sung ausgekommen<\/a><\/td><td class=\"column-7\">technisch<\/td>\n<\/tr>\n<tr class=\"row-36\">\n\t<td class=\"column-1\">38<\/td><td class=\"column-2\">29.07.2016<\/td><td class=\"column-3\">20:24<\/td><td class=\"column-4\">f2<\/td><td class=\"column-5\">Arlbergbahn Westrampe<\/td><td class=\"column-6\"><a href=\"https:\/\/www.fw-oebb.at\/index.php\/2018\/12\/11\/einsatz-38-arlbergbahn-westrampe-boschungsbrand\/\">B\u00f6schungsbrand<\/a><\/td><td class=\"column-7\">brand<\/td>\n<\/tr>\n<tr class=\"row-37\">\n\t<td class=\"column-1\">37<\/td><td class=\"column-2\">26.07.2016<\/td><td class=\"column-3\">10:28<\/td><td class=\"column-4\">f10, r1<\/td><td class=\"column-5\">Bahnhof Nenzing<\/td><td class=\"column-6\"><a href=\"https:\/\/www.fw-oebb.at\/index.php\/2018\/12\/11\/einsatz-37-bahnhof-nenzing-person-zwischen-zug-und-bahnsteig-gesturzt\/\">Person zwischen Zug und Bahnsteig<\/a><\/td><td class=\"column-7\">technisch<\/td>\n<\/tr>\n<tr class=\"row-38\">\n\t<td class=\"column-1\">36<\/td><td class=\"column-2\">20.07.2016<\/td><td class=\"column-3\">11:08<\/td><td class=\"column-4\">f3<\/td><td class=\"column-5\">Bahnhof Bludenz<\/td><td class=\"column-6\"><a href=\"https:\/\/www.fw-oebb.at\/index.php\/2018\/12\/11\/einsatz-36-bahnhof-bludenz-brand-einer-diesllok\/\">Brand einer Diesellock<\/a><\/td><td class=\"column-7\">brand<\/td>\n<\/tr>\n<tr class=\"row-39\">\n\t<td class=\"column-1\">35<\/td><td class=\"column-2\">07.07.2016<\/td><td class=\"column-3\">08:05<\/td><td class=\"column-4\">f14<\/td><td class=\"column-5\">Wolfurt \u00d6BB Betriebsgeb\u00e4ude<\/td><td class=\"column-6\"><a href=\"https:\/\/www.fw-oebb.at\/index.php\/2018\/12\/11\/einsatz-35-wolfurt-obb-betriebsgebaude-bma-hat-ausgelost\/\">BMA hat ausgel\u00f6st<\/a><\/td><td class=\"column-7\">brand<\/td>\n<\/tr>\n<tr class=\"row-40\">\n\t<td class=\"column-1\">34<\/td><td class=\"column-2\">07.07.2016<\/td><td class=\"column-3\">00:35<\/td><td class=\"column-4\">f1<\/td><td class=\"column-5\">Wolfurt \u00d6BB \u00dcbernachtungsgeb\u00e4ude<\/td><td class=\"column-6\"><a href=\"https:\/\/www.fw-oebb.at\/index.php\/2018\/12\/11\/einsatz-34-wolfurt-obb-ubernachtungsgebaude-liftbefreiung\/\">Liftbefreiung<\/a><\/td><td class=\"column-7\">technisch<\/td>\n<\/tr>\n<tr class=\"row-41\">\n\t<td class=\"column-1\">33<\/td><td class=\"column-2\">02.07.2016<\/td><td class=\"column-3\">11:07<\/td><td class=\"column-4\">f2<\/td><td class=\"column-5\">Arlbergbahn Westrampe<\/td><td class=\"column-6\"><a href=\"https:\/\/www.fw-oebb.at\/index.php\/2018\/12\/11\/einsatz-33-arlbergbahn-westrampe-personenunfall\/\">Personenunfall<\/a><\/td><td class=\"column-7\">technisch<\/td>\n<\/tr>\n<tr class=\"row-42\">\n\t<td class=\"column-1\">32<\/td><td class=\"column-2\">01.07.2016<\/td><td class=\"column-3\">17:24<\/td><td class=\"column-4\">f11<\/td><td class=\"column-5\">Haltestelle Riedenburg<\/td><td class=\"column-6\"><a href=\"https:\/\/www.fw-oebb.at\/index.php\/2018\/12\/11\/einsatz-32-haltestelle-riedenburg-liftbefreiung\/\">Liftbefreiung<\/a><\/td><td class=\"column-7\">technisch<\/td>\n<\/tr>\n<tr class=\"row-43\">\n\t<td class=\"column-1\">31<\/td><td class=\"column-2\">28.04.2016<\/td><td class=\"column-3\">09:18<\/td><td class=\"column-4\">f1<\/td><td class=\"column-5\">Feldkirch Gisingen<\/td><td class=\"column-6\"><a href=\"https:\/\/www.fw-oebb.at\/index.php\/2018\/12\/11\/einsatz-31-feldkirch-gisingen-lkw-gegen-bahnunterfuhrung\/\">LKW gegen Bahnunterf\u00fchrung<\/a><\/td><td class=\"column-7\">technisch<\/td>\n<\/tr>\n<tr class=\"row-44\">\n\t<td class=\"column-1\">30<\/td><td class=\"column-2\">24.06.2016<\/td><td class=\"column-3\">15:23<\/td><td class=\"column-4\">f14<\/td><td class=\"column-5\">Wolfurt JCL Overland<\/td><td class=\"column-6\"><a href=\"https:\/\/www.fw-oebb.at\/index.php\/2018\/12\/11\/einsatz-30-wolfurt-jcl-overland-bma-hat-ausgelost\/\">BMA hat ausgel\u00f6st<\/a><\/td><td class=\"column-7\">brand<\/td>\n<\/tr>\n<tr class=\"row-45\">\n\t<td class=\"column-1\">29<\/td><td class=\"column-2\">23.06.2016<\/td><td class=\"column-3\">20:33<\/td><td class=\"column-4\">f1<\/td><td class=\"column-5\">Bahnhof Bludenz<\/td><td class=\"column-6\"><a href=\"https:\/\/www.fw-oebb.at\/index.php\/2018\/12\/11\/einsatz-29-bahnhof-bludenz-liftbefreiung\/\">Liftbefreiung<\/a><\/td><td class=\"column-7\">technisch<\/td>\n<\/tr>\n<tr class=\"row-46\">\n\t<td class=\"column-1\">28<\/td><td class=\"column-2\">17.06.2016<\/td><td class=\"column-3\">06:07<\/td><td class=\"column-4\">f11<\/td><td class=\"column-5\">Bahnhof Ludesch<\/td><td class=\"column-6\"><a href=\"https:\/\/www.fw-oebb.at\/index.php\/2018\/12\/11\/einsatz-28-bahnhof-ludesch-shuttledienst-wird-benotigt\/\">Shuttledienst wird ben\u00f6tigt<\/a><\/td><td class=\"column-7\">technisch<\/td>\n<\/tr>\n<tr class=\"row-47\">\n\t<td class=\"column-1\">27<\/td><td class=\"column-2\">11.06.2016<\/td><td class=\"column-3\">09:08<\/td><td class=\"column-4\">f14<\/td><td class=\"column-5\">Wolfurt \u00d6BB Postbus<\/td><td class=\"column-6\"><a href=\"https:\/\/www.fw-oebb.at\/index.php\/2018\/12\/11\/einsatz-27-wolfurt-obb-postbus-bma-hat-ausgelost\/\">BMA hat ausgel\u00f6st<\/a><\/td><td class=\"column-7\">brand<\/td>\n<\/tr>\n<tr class=\"row-48\">\n\t<td class=\"column-1\">26<\/td><td class=\"column-2\">08.06.2016<\/td><td class=\"column-3\">09:11<\/td><td class=\"column-4\">f14<\/td><td class=\"column-5\">Wolfurt \u00d6BB Postbus<\/td><td class=\"column-6\"><a href=\"https:\/\/www.fw-oebb.at\/index.php\/2018\/12\/11\/einsatz-26-wolfurt-obb-postbus-bma-hat-ausgelost\/\">BMA hat ausgel\u00f6st<\/a><\/td><td class=\"column-7\">brand<\/td>\n<\/tr>\n<tr class=\"row-49\">\n\t<td class=\"column-1\">25<\/td><td class=\"column-2\">31.05.2016<\/td><td class=\"column-3\">01:22<\/td><td class=\"column-4\">f14<\/td><td class=\"column-5\">Wolfurt \u00d6BB \u00dcbernachtungsgeb\u00e4ude<\/td><td class=\"column-6\"><a href=\"https:\/\/www.fw-oebb.at\/index.php\/2018\/12\/11\/einsatz-25-wolfurt-obb-ubernachtungsgebaude-bma-hat-ausgelost\/\">BMA hat ausgel\u00f6st<\/a><\/td><td class=\"column-7\">brand<\/td>\n<\/tr>\n<tr class=\"row-50\">\n\t<td class=\"column-1\">24<\/td><td class=\"column-2\">22.05.2016<\/td><td class=\"column-3\">04:33<\/td><td class=\"column-4\">f11<\/td><td class=\"column-5\">Haltestelle Nenzing<\/td><td class=\"column-6\"><a href=\"https:\/\/www.fw-oebb.at\/index.php\/2018\/12\/11\/einsatz-24-haltestelle-nenzing-shuttledienst-wird-benotigt\/\">Shuttledienst wird ben\u00f6tigt<\/a><\/td><td class=\"column-7\">technisch<\/td>\n<\/tr>\n<tr class=\"row-51\">\n\t<td class=\"column-1\">23<\/td><td class=\"column-2\">20.05.2016<\/td><td class=\"column-3\">08:24<\/td><td class=\"column-4\">f14<\/td><td class=\"column-5\">Wolfurt \u00d6BB Betriebsgeb\u00e4ude<\/td><td class=\"column-6\"><a href=\"https:\/\/www.fw-oebb.at\/index.php\/2018\/12\/11\/einsatz-23-wolfurt-obb-betriebsgebaude-bma-hat-ausgelost\/\">BMA hat ausgel\u00f6st<\/a><\/td><td class=\"column-7\">brand<\/td>\n<\/tr>\n<tr class=\"row-52\">\n\t<td class=\"column-1\">22<\/td><td class=\"column-2\">13.05.2016<\/td><td class=\"column-3\">11:50<\/td><td class=\"column-4\">f14<\/td><td class=\"column-5\">Wolfurt \u00d6BB Postbus<\/td><td class=\"column-6\"><a href=\"https:\/\/www.fw-oebb.at\/index.php\/2018\/12\/11\/einsatz-22-wolfurt-obb-postbus-bma-hat-ausgelost\/\">BMA hat ausgel\u00f6st<\/a><\/td><td class=\"column-7\">brand<\/td>\n<\/tr>\n<tr class=\"row-53\">\n\t<td class=\"column-1\">21<\/td><td class=\"column-2\">20.04.2016<\/td><td class=\"column-3\">14:28<\/td><td class=\"column-4\">f2, r2<\/td><td class=\"column-5\">\u00d6BB Strecke G\u00f6tzis-Dornbirn<\/td><td class=\"column-6\"><a href=\"https:\/\/www.fw-oebb.at\/index.php\/2018\/12\/11\/einsatz-21-obb-strecke-gotzis-dornbirn-personenunfall\/\">Personenunfall<\/a><\/td><td class=\"column-7\">technisch<\/td>\n<\/tr>\n<tr class=\"row-54\">\n\t<td class=\"column-1\">20<\/td><td class=\"column-2\">19.04.2016<\/td><td class=\"column-3\">18:31<\/td><td class=\"column-4\">f2<\/td><td class=\"column-5\">Haltestelle Riedenburg<\/td><td class=\"column-6\"><a href=\"https:\/\/www.fw-oebb.at\/index.php\/2018\/12\/11\/einsatz-20-haltestelle-riedenburg-mullkubelbrand\/\">M\u00fcllk\u00fcbelbrand<\/a><\/td><td class=\"column-7\">brand<\/td>\n<\/tr>\n<tr class=\"row-55\">\n\t<td class=\"column-1\">19<\/td><td class=\"column-2\">01.04.2016<\/td><td class=\"column-3\">09:30<\/td><td class=\"column-4\">f14<\/td><td class=\"column-5\">Wolfurt Logistikzentrum Vorarlberg<\/td><td class=\"column-6\"><a href=\"https:\/\/www.fw-oebb.at\/index.php\/2018\/12\/11\/einsatz-19-wolfurt-logistikzentrum-vorarlberg-bma-hat-ausgelost\/\">BMA hat ausgel\u00f6st<\/a><\/td><td class=\"column-7\">brand<\/td>\n<\/tr>\n<tr class=\"row-56\">\n\t<td class=\"column-1\">18<\/td><td class=\"column-2\">23.03.2016<\/td><td class=\"column-3\">09:14<\/td><td class=\"column-4\">f14<\/td><td class=\"column-5\">Wolfurt \u00d6BB Betriebsgeb\u00e4ude<\/td><td class=\"column-6\"><a href=\"https:\/\/www.fw-oebb.at\/index.php\/2018\/12\/11\/einsatz-18-wolfurt-obb-betriebsgebaude-bma-hat-ausgelost\/\">BMA hat ausgel\u00f6st<\/a><\/td><td class=\"column-7\">brand<\/td>\n<\/tr>\n<tr class=\"row-57\">\n\t<td class=\"column-1\">17<\/td><td class=\"column-2\">23.03.2016<\/td><td class=\"column-3\">06:46<\/td><td class=\"column-4\">f14<\/td><td class=\"column-5\">Wolfurt \u00d6BB Postbus<\/td><td class=\"column-6\"><a href=\"https:\/\/www.fw-oebb.at\/index.php\/2018\/12\/11\/einsatz-17-wolfurt-obb-postbus-bma-hat-ausgelost\/\">BMA hat ausgel\u00f6st<\/a><\/td><td class=\"column-7\">brand<\/td>\n<\/tr>\n<tr class=\"row-58\">\n\t<td class=\"column-1\">16<\/td><td class=\"column-2\">11.03.2016<\/td><td class=\"column-3\">10:23<\/td><td class=\"column-4\">f14<\/td><td class=\"column-5\">Wolfurt Gebr. Weiss Hochregallager<\/td><td class=\"column-6\"><a href=\"https:\/\/www.fw-oebb.at\/index.php\/2018\/12\/11\/einsatz-16-wolfurt-gebr-weiss-hochregallager-bma-hat-ausgelost\/\">BMA hat ausgel\u00f6st<\/a><\/td><td class=\"column-7\">brand<\/td>\n<\/tr>\n<tr class=\"row-59\">\n\t<td class=\"column-1\">15<\/td><td class=\"column-2\">07.03.2016<\/td><td class=\"column-3\">05:22<\/td><td class=\"column-4\">f2, r2<\/td><td class=\"column-5\">Haltestelle Altach<\/td><td class=\"column-6\"><a href=\"https:\/\/www.fw-oebb.at\/index.php\/2018\/12\/11\/einsatz-15-haltestelle-altach-personenunfall\/\">Personenunfall<\/a><\/td><td class=\"column-7\">technisch<\/td>\n<\/tr>\n<tr class=\"row-60\">\n\t<td class=\"column-1\">14<\/td><td class=\"column-2\">24.02.2016<\/td><td class=\"column-3\">16:12<\/td><td class=\"column-4\">f2<\/td><td class=\"column-5\">Bahnhof Bregenz<\/td><td class=\"column-6\"><a href=\"https:\/\/www.fw-oebb.at\/index.php\/2018\/12\/11\/einsatz-14-bahnhof-bregenz-treibstoffaustritt\/\">Treibstoffaustritt<\/a><\/td><td class=\"column-7\">technisch<\/td>\n<\/tr>\n<tr class=\"row-61\">\n\t<td class=\"column-1\">13<\/td><td class=\"column-2\">24.02.2016<\/td><td class=\"column-3\">12:16<\/td><td class=\"column-4\">f14<\/td><td class=\"column-5\">Wolfurt Gebr. Weiss Hochregallager<\/td><td class=\"column-6\"><a href=\"https:\/\/www.fw-oebb.at\/index.php\/2018\/12\/11\/einsatz-13-wolfurt-gebr-weiss-hochregallager-bma-hat-ausgelost\/\">BMA hat ausgel\u00f6st<\/a><\/td><td class=\"column-7\">brand<\/td>\n<\/tr>\n<tr class=\"row-62\">\n\t<td class=\"column-1\">12<\/td><td class=\"column-2\">24.02.2016<\/td><td class=\"column-3\">11:39<\/td><td class=\"column-4\">f14<\/td><td class=\"column-5\">Wolfurt Gebr. Weiss Hochregallager<\/td><td class=\"column-6\"><a href=\"https:\/\/www.fw-oebb.at\/index.php\/2018\/12\/11\/einsatz-12-wolfurt-gebr-weiss-hochregallager-bma-hat-ausgelost\/\">BMA hat ausgel\u00f6st<\/a><\/td><td class=\"column-7\">brand<\/td>\n<\/tr>\n<tr class=\"row-63\">\n\t<td class=\"column-1\">11<\/td><td class=\"column-2\">23.02.2016<\/td><td class=\"column-3\">09:27<\/td><td class=\"column-4\">f2, r2<\/td><td class=\"column-5\">Bahnhof Rankweil<\/td><td class=\"column-6\"><a href=\"https:\/\/www.fw-oebb.at\/index.php\/2018\/12\/11\/einsatz-11-bahnhof-rankweil-personenunfall\/\">Personenunfall<\/a><\/td><td class=\"column-7\">technisch<\/td>\n<\/tr>\n<tr class=\"row-64\">\n\t<td class=\"column-1\">10<\/td><td class=\"column-2\">15.02.2016<\/td><td class=\"column-3\">02:58<\/td><td class=\"column-4\">f2, r2<\/td><td class=\"column-5\">Bahnhof Hohenems<\/td><td class=\"column-6\"><a href=\"https:\/\/www.fw-oebb.at\/index.php\/2018\/12\/11\/einsatz-10-bahnhof-hohenems-personenunfall\/\">Personenunfall<\/a><\/td><td class=\"column-7\">technisch<\/td>\n<\/tr>\n<tr class=\"row-65\">\n\t<td class=\"column-1\">9<\/td><td class=\"column-2\">12.02.2016<\/td><td class=\"column-3\">17:02<\/td><td class=\"column-4\">f11<\/td><td class=\"column-5\">Bahnhof Bludenz<\/td><td class=\"column-6\"><a href=\"https:\/\/www.fw-oebb.at\/index.php\/2018\/12\/11\/einsatz-9-bahnhof-bludenz-zementaustritt\/\">Zementaustritt<\/a><\/td><td class=\"column-7\">technisch<\/td>\n<\/tr>\n<tr class=\"row-66\">\n\t<td class=\"column-1\">8<\/td><td class=\"column-2\">10.02.2016<\/td><td class=\"column-3\">08:04<\/td><td class=\"column-4\">f1<\/td><td class=\"column-5\">Lustenau Hagstra\u00dfe<\/td><td class=\"column-6\"><a href=\"https:\/\/www.fw-oebb.at\/index.php\/2018\/12\/11\/einsatz-8-lustenau-hagstrase-baum-auf-abstellgleis\/\">Baum auf Abstellgleis<\/a><\/td><td class=\"column-7\">technisch<\/td>\n<\/tr>\n<tr class=\"row-67\">\n\t<td class=\"column-1\">7<\/td><td class=\"column-2\">05.02.2016<\/td><td class=\"column-3\">07:10<\/td><td class=\"column-4\">f2<\/td><td class=\"column-5\">Wolfurt Gebr. Weiss Hochregallager<\/td><td class=\"column-6\"><a href=\"https:\/\/www.fw-oebb.at\/index.php\/2018\/12\/11\/einsatz-7-wolfurt-gebr-weiss-hochregalllager-gefahrgutfass-beschadigt\/\">Gefahrgutfass besch\u00e4digt<\/a><\/td><td class=\"column-7\">technisch<\/td>\n<\/tr>\n<tr class=\"row-68\">\n\t<td class=\"column-1\">6<\/td><td class=\"column-2\">30.01.2016<\/td><td class=\"column-3\">14:50<\/td><td class=\"column-4\">f11<\/td><td class=\"column-5\">Bahnhof Hohenems<\/td><td class=\"column-6\"><a href=\"https:\/\/www.fw-oebb.at\/index.php\/2018\/12\/11\/einsatz-6-bahnhof-hohenems-liftbefreiung\/\">Liftbefreiung<\/a><\/td><td class=\"column-7\">technisch<\/td>\n<\/tr>\n<tr class=\"row-69\">\n\t<td class=\"column-1\">5<\/td><td class=\"column-2\">30.01.2016<\/td><td class=\"column-3\">00:17<\/td><td class=\"column-4\">f2, r2<\/td><td class=\"column-5\">Haltestelle Haselstauden<\/td><td class=\"column-6\"><a href=\"https:\/\/www.fw-oebb.at\/index.php\/2018\/12\/11\/einsatz-5-obb-haltestelle-haselstauden-personenunfall\/\">Personenunfall<\/a><\/td><td class=\"column-7\">technisch<\/td>\n<\/tr>\n<tr class=\"row-70\">\n\t<td class=\"column-1\">4<\/td><td class=\"column-2\">29.01.2016<\/td><td class=\"column-3\">11:39<\/td><td class=\"column-4\">f14<\/td><td class=\"column-5\">Wolfurt Gebr. Weiss Hochregallager<\/td><td class=\"column-6\"><a href=\"https:\/\/www.fw-oebb.at\/index.php\/2018\/12\/11\/einsatz-4-wolfurt-gebr-weiss-hochregallager-bma-hat-ausgelost\/\">BMA hat ausgel\u00f6st<\/a><\/td><td class=\"column-7\">brand<\/td>\n<\/tr>\n<tr class=\"row-71\">\n\t<td class=\"column-1\">3<\/td><td class=\"column-2\">17.01.2016<\/td><td class=\"column-3\">13:39<\/td><td class=\"column-4\">f14<\/td><td class=\"column-5\">Wolfurt \u00d6BB \u00dcbernachtungsgeb\u00e4ude<\/td><td class=\"column-6\"><a href=\"https:\/\/www.fw-oebb.at\/index.php\/2018\/12\/11\/einsatz-3-wolfurt-ubernachtungsgebaude-bma-hat-ausgelost\/\">BMA hat ausgel\u00f6st<\/a><\/td><td class=\"column-7\">brand<\/td>\n<\/tr>\n<tr class=\"row-72\">\n\t<td class=\"column-1\">2<\/td><td class=\"column-2\">14.01.2016<\/td><td class=\"column-3\">14:20<\/td><td class=\"column-4\">f1<\/td><td class=\"column-5\">Bahnhof Lustenau<\/td><td class=\"column-6\"><a href=\"https:\/\/www.fw-oebb.at\/index.php\/2018\/12\/11\/einsatz-2-bahnhof-lustenau-bagger-mit-olverlust\/\">Bagger mit \u00d6lverlust<\/a><\/td><td class=\"column-7\">technisch<\/td>\n<\/tr>\n<tr class=\"row-73\">\n\t<td class=\"column-1\">1<\/td><td class=\"column-2\">02.01.2016<\/td><td class=\"column-3\">18:15<\/td><td class=\"column-4\">f11<\/td><td class=\"column-5\">Bahnhof Bludenz<\/td><td class=\"column-6\"><a href=\"https:\/\/www.fw-oebb.at\/index.php\/2018\/12\/11\/einsatz-1-bahnhof-bludenz-liftbefreiung\/\">Liftbefreiung<\/a><\/td><td class=\"column-7\">technisch<\/td>\n<\/tr>\n<\/tbody>\n<\/table>\n<!-- #tablepress-5 from cache -->\n","protected":false},"excerpt":{"rendered":"","protected":false},"author":2,"featured_media":0,"parent":0,"menu_order":0,"comment_status":"closed","ping_status":"closed","template":"","meta":{"ngg_post_thumbnail":0,"footnotes":""},"class_list":["post-203","page","type-page","status-publish","hentry"],"_links":{"self":[{"href":"https:\/\/www.fw-oebb.at\/index.php\/wp-json\/wp\/v2\/pages\/203","targetHints":{"allow":["GET"]}}],"collection":[{"href":"https:\/\/www.fw-oebb.at\/index.php\/wp-json\/wp\/v2\/pages"}],"about":[{"href":"https:\/\/www.fw-oebb.at\/index.php\/wp-json\/wp\/v2\/types\/page"}],"author":[{"embeddable":true,"href":"https:\/\/www.fw-oebb.at\/index.php\/wp-json\/wp\/v2\/users\/2"}],"replies":[{"embeddable":true,"href":"https:\/\/www.fw-oebb.at\/index.php\/wp-json\/wp\/v2\/comments?post=203"}],"version-history":[{"count":2,"href":"https:\/\/www.fw-oebb.at\/index.php\/wp-json\/wp\/v2\/pages\/203\/revisions"}],"predecessor-version":[{"id":350,"href":"https:\/\/www.fw-oebb.at\/index.php\/wp-json\/wp\/v2\/pages\/203\/revisions\/350"}],"wp:attachment":[{"href":"https:\/\/www.fw-oebb.at\/index.php\/wp-json\/wp\/v2\/media?parent=203"}],"curies":[{"name":"wp","href":"https:\/\/api.w.org\/{rel}","templated":true}]}}