{"id":4060,"date":"2021-01-06T13:51:22","date_gmt":"2021-01-06T12:51:22","guid":{"rendered":"https:\/\/www.fw-oebb.at\/?page_id=4060"},"modified":"2021-01-06T13:56:34","modified_gmt":"2021-01-06T12:56:34","slug":"einsatzubersicht-2021","status":"publish","type":"page","link":"https:\/\/www.fw-oebb.at\/index.php\/einsatzubersicht-2021\/","title":{"rendered":"Einsatz\u00fcbersicht 2021"},"content":{"rendered":"\n<table id=\"tablepress-35\" class=\"tablepress tablepress-id-35\">\n<thead>\n<tr class=\"row-1\">\n\t<th class=\"column-1\"><strong>Nr.<\/strong><\/th><th class=\"column-2\"><strong>Datum<\/strong><\/th><th class=\"column-3\"><strong>Uhrzeit<\/strong><\/th><th class=\"column-4\"><strong>Stichwort<\/strong><\/th><th class=\"column-5\"><strong>Wo<\/strong><\/th><th class=\"column-6\"><strong>Was<\/strong><\/th><th class=\"column-7\"><strong>Art<\/strong><\/th>\n<\/tr>\n<\/thead>\n<tbody class=\"row-striping row-hover\">\n<tr class=\"row-2\">\n\t<td class=\"column-1\">115<\/td><td class=\"column-2\">25.12.2021<\/td><td class=\"column-3\">11:34<\/td><td class=\"column-4\">f2<\/td><td class=\"column-5\">\u00d6BB G\u00fcterbahnhof Bludenz<\/td><td class=\"column-6\"><a href=\"https:\/\/www.fw-oebb.at\/index.php\/2021\/12\/26\/einsatz-115-obb-guterbahnhof-bludenz-unklare-rauchentwicklung\/\">unklare Rauchentwicklung<\/a><\/td><td class=\"column-7\">brand<\/td>\n<\/tr>\n<tr class=\"row-3\">\n\t<td class=\"column-1\">114<\/td><td class=\"column-2\">18.12.2021<\/td><td class=\"column-3\">08:27<\/td><td class=\"column-4\">t2,r2na,h2na<\/td><td class=\"column-5\">\u00d6BB Strecke Bregenz-Lindau<\/td><td class=\"column-6\"><a href=\"https:\/\/www.fw-oebb.at\/index.php\/2021\/12\/26\/einsatz-114-obb-strecke-bregenz-lindau-technischer-einsatz\/\">technischer Einsatz<\/a><\/td><td class=\"column-7\">technisch<\/td>\n<\/tr>\n<tr class=\"row-4\">\n\t<td class=\"column-1\">113<\/td><td class=\"column-2\">15.12.2021<\/td><td class=\"column-3\">15:15<\/td><td class=\"column-4\">t1<\/td><td class=\"column-5\">Bahnhof Hohenems<\/td><td class=\"column-6\"><a href=\"https:\/\/www.fw-oebb.at\/index.php\/2021\/12\/16\/einsatz-113-bahnhof-hohenems-techn-hilfeleistung\/\">techn. Hilfeleistung<\/a><\/td><td class=\"column-7\">technisch<\/td>\n<\/tr>\n<tr class=\"row-5\">\n\t<td class=\"column-1\">112<\/td><td class=\"column-2\">01.12.2021<\/td><td class=\"column-3\">10:33<\/td><td class=\"column-4\">f14<\/td><td class=\"column-5\">Wolfurt, Post Logistikzentrum<\/td><td class=\"column-6\"><a href=\"https:\/\/www.fw-oebb.at\/index.php\/2021\/12\/02\/einsatz-112-wolfurt-post-logistikzentrum-bma-hat-ausgelost-2\/\">BMA hat ausgel\u00f6st<\/a><\/td><td class=\"column-7\">brand<\/td>\n<\/tr>\n<tr class=\"row-6\">\n\t<td class=\"column-1\">111<\/td><td class=\"column-2\">30.11.2021<\/td><td class=\"column-3\">08:38<\/td><td class=\"column-4\">t1<\/td><td class=\"column-5\">Wolfurt G\u00fcterbahnhof<\/td><td class=\"column-6\"><a href=\"https:\/\/www.fw-oebb.at\/index.php\/2021\/12\/02\/einsatz-111-guterbahnhof-wolfurt-betriebsmittelaustritt\/\">Betriebsmittelaustritt<\/a><\/td><td class=\"column-7\">technisch<\/td>\n<\/tr>\n<tr class=\"row-7\">\n\t<td class=\"column-1\">110<\/td><td class=\"column-2\">20.11.2021<\/td><td class=\"column-3\">15:09<\/td><td class=\"column-4\">t1<\/td><td class=\"column-5\">Wolfurt, \u00d6BB Remise<\/td><td class=\"column-6\"><a href=\"https:\/\/www.fw-oebb.at\/index.php\/2021\/11\/22\/einsatz-110-wolfurt-obb-remise-unterstutzung-erforderlich\/\">Unterst\u00fctzung erforderlich<\/a><\/td><td class=\"column-7\">technisch<\/td>\n<\/tr>\n<tr class=\"row-8\">\n\t<td class=\"column-1\">109<\/td><td class=\"column-2\">17.11.2021<\/td><td class=\"column-3\">14:13<\/td><td class=\"column-4\">f14<\/td><td class=\"column-5\">Wolfurt, TSA Staplerwerkstatt<\/td><td class=\"column-6\"><a href=\"https:\/\/www.fw-oebb.at\/index.php\/2021\/11\/17\/einsatz-109-wolfurt-tsa-staplerwerkstatt-bma-hat-ausgelost\/\">BMA hat ausgel\u00f6st<\/a><\/td><td class=\"column-7\">brand<\/td>\n<\/tr>\n<tr class=\"row-9\">\n\t<td class=\"column-1\">108<\/td><td class=\"column-2\">15.11.2021<\/td><td class=\"column-3\">15:15<\/td><td class=\"column-4\">t1<\/td><td class=\"column-5\">Bahnhof Hohenems<\/td><td class=\"column-6\"><a href=\"https:\/\/www.fw-oebb.at\/index.php\/2021\/11\/15\/einsatz-108-bahnhof-hohenems-techn-hilfeleistung\/\">techn. Hilfeleistung<\/a><\/td><td class=\"column-7\">technisch<\/td>\n<\/tr>\n<tr class=\"row-10\">\n\t<td class=\"column-1\">107<\/td><td class=\"column-2\">10.11.2021<\/td><td class=\"column-3\">15:30<\/td><td class=\"column-4\">f10<\/td><td class=\"column-5\">Bahnhof Rankweil<\/td><td class=\"column-6\"><a href=\"https:\/\/www.fw-oebb.at\/index.php\/2021\/11\/10\/einsatz-107-bahnhof-rankweil-kontrolle-erforderlich\/\">Kontrolle erforderlich<\/a><\/td><td class=\"column-7\">technisch<\/td>\n<\/tr>\n<tr class=\"row-11\">\n\t<td class=\"column-1\">106<\/td><td class=\"column-2\">07.11.2021<\/td><td class=\"column-3\">16:21<\/td><td class=\"column-4\">t1<\/td><td class=\"column-5\">Bahnhof Dornbirn<\/td><td class=\"column-6\"><a href=\"https:\/\/www.fw-oebb.at\/index.php\/2021\/11\/09\/einsatz-106-bahnhof-dornbirn-techn-hilfeleistung\/\">techn. Hilfeleistung<\/a><\/td><td class=\"column-7\">technisch<\/td>\n<\/tr>\n<tr class=\"row-12\">\n\t<td class=\"column-1\">105<\/td><td class=\"column-2\">05.11.2021<\/td><td class=\"column-3\">10:01<\/td><td class=\"column-4\">t1<\/td><td class=\"column-5\">Bahnhof Dornbirn<\/td><td class=\"column-6\"><a href=\"https:\/\/www.fw-oebb.at\/index.php\/2021\/11\/09\/einsatz-105-bahnhof-dornbirn-techn-hilfeleistung\/\">techn. Hilfeleistung<\/a><\/td><td class=\"column-7\">technisch<\/td>\n<\/tr>\n<tr class=\"row-13\">\n\t<td class=\"column-1\">104<\/td><td class=\"column-2\">02.11.2021<\/td><td class=\"column-3\">08:20<\/td><td class=\"column-4\">f14<\/td><td class=\"column-5\">Wolfurt \u00d6BB Postbus<\/td><td class=\"column-6\"><a href=\"https:\/\/www.fw-oebb.at\/index.php\/2021\/11\/03\/einsatz-104-wolfurt-obb-postbus-bma-hat-ausgelost\/\">BMA hat ausgel\u00f6st<\/a><\/td><td class=\"column-7\">brand<\/td>\n<\/tr>\n<tr class=\"row-14\">\n\t<td class=\"column-1\">103<\/td><td class=\"column-2\">30.10.2021<\/td><td class=\"column-3\">18:36<\/td><td class=\"column-4\">t1<\/td><td class=\"column-5\">Haltestelle Dornbirn Schoren<\/td><td class=\"column-6\"><a href=\"https:\/\/www.fw-oebb.at\/index.php\/2021\/11\/03\/einsatz-103-haltestelle-dornbirn-schoren-techn-hilfeleistung\/\">techn. Hilfeleistung<\/a><\/td><td class=\"column-7\">technisch<\/td>\n<\/tr>\n<tr class=\"row-15\">\n\t<td class=\"column-1\">102<\/td><td class=\"column-2\">28.10.2021<\/td><td class=\"column-3\">12:29<\/td><td class=\"column-4\">f14<\/td><td class=\"column-5\">Wolfurt, \u00d6BB Postbus<\/td><td class=\"column-6\"><a href=\"https:\/\/www.fw-oebb.at\/index.php\/2021\/10\/28\/einsatz-102-wolfurt-obb-postbus-bma-hat-ausgelost\/\">BMA hat ausgel\u00f6st<\/a><\/td><td class=\"column-7\">brand<\/td>\n<\/tr>\n<tr class=\"row-16\">\n\t<td class=\"column-1\">101<\/td><td class=\"column-2\">28.10.2021<\/td><td class=\"column-3\">11:50<\/td><td class=\"column-4\">f14<\/td><td class=\"column-5\">Wolfurt, \u00d6BB \u00dcbernachtungsgeb\u00e4ude<\/td><td class=\"column-6\"><a href=\"https:\/\/www.fw-oebb.at\/index.php\/2021\/10\/28\/einsatz-101-wolfurt-obb-ubernachtungsgebaude-bma-hat-ausgelost\/\">BMA hat ausgel\u00f6st<\/a><\/td><td class=\"column-7\">brand<\/td>\n<\/tr>\n<tr class=\"row-17\">\n\t<td class=\"column-1\">100<\/td><td class=\"column-2\">18.10.2021<\/td><td class=\"column-3\">11:26<\/td><td class=\"column-4\">t1<\/td><td class=\"column-5\">Bahnhof Hohenems<\/td><td class=\"column-6\"><a href=\"https:\/\/www.fw-oebb.at\/index.php\/2021\/10\/28\/einsatz-100-bahnhof-hohenems-techn-hilfeleistung\/\">techn. Hilfeleistung<\/a><\/td><td class=\"column-7\">technisch<\/td>\n<\/tr>\n<tr class=\"row-18\">\n\t<td class=\"column-1\">099<\/td><td class=\"column-2\">17.10.2021<\/td><td class=\"column-3\">11:19<\/td><td class=\"column-4\">t2,r2na,h2na<\/td><td class=\"column-5\">Bahnhof Lochau<\/td><td class=\"column-6\"><a href=\"https:\/\/www.fw-oebb.at\/index.php\/2021\/10\/17\/einsatz-099-bahnhof-lochau-technischer-einsatz\/\">technischer Einsatz<\/a><\/td><td class=\"column-7\">technisch<\/td>\n<\/tr>\n<tr class=\"row-19\">\n\t<td class=\"column-1\">098<\/td><td class=\"column-2\">16.10.2021<\/td><td class=\"column-3\">13:49<\/td><td class=\"column-4\">t1<\/td><td class=\"column-5\">Bahnhof Hohenems<\/td><td class=\"column-6\"><a href=\"https:\/\/www.fw-oebb.at\/index.php\/2021\/10\/17\/einsatz-098-bahnhof-hohenems-techn-hilfeleistung\/\">techn. Hilfeleistung<\/a><\/td><td class=\"column-7\">technisch<\/td>\n<\/tr>\n<tr class=\"row-20\">\n\t<td class=\"column-1\">097<\/td><td class=\"column-2\">14.10.2021<\/td><td class=\"column-3\">11:42<\/td><td class=\"column-4\">t2<\/td><td class=\"column-5\">Bahnhof G\u00f6tzis<\/td><td class=\"column-6\"><a href=\"https:\/\/www.fw-oebb.at\/index.php\/2021\/10\/14\/einsatz-097-bahnhof-gotzis-rauchentwicklung-mullkubel\/\">Rauchentwicklung M\u00fcllk\u00fcbel<\/a><\/td><td class=\"column-7\">brand<\/td>\n<\/tr>\n<tr class=\"row-21\">\n\t<td class=\"column-1\">096<\/td><td class=\"column-2\">10.10.2021<\/td><td class=\"column-3\">14:35<\/td><td class=\"column-4\">t1<\/td><td class=\"column-5\">Wolfurt, Senderstra\u00dfe<\/td><td class=\"column-6\"><a href=\"https:\/\/www.fw-oebb.at\/index.php\/2021\/10\/10\/einsatz-096-wolfurt-senderstrase-first-responder-nach-med-notfal\/\">First Responder Einsatz<\/a><\/td><td class=\"column-7\">technisch<\/td>\n<\/tr>\n<tr class=\"row-22\">\n\t<td class=\"column-1\">095<\/td><td class=\"column-2\">09.10.2021<\/td><td class=\"column-3\">03:11<\/td><td class=\"column-4\">t1<\/td><td class=\"column-5\">\u00d6BB G\u00fcterbahnhof Wolfurt<\/td><td class=\"column-6\"><a href=\"https:\/\/www.fw-oebb.at\/index.php\/2021\/10\/10\/einsatz-095-wolfurt-guterbahnhof-unterstutzung-of-wolfurt-und-bildstein\/\">Unterst\u00fctzung OF Wolfurt und Bildstein<\/a><\/td><td class=\"column-7\">technisch<\/td>\n<\/tr>\n<tr class=\"row-23\">\n\t<td class=\"column-1\">094<\/td><td class=\"column-2\">07.10.2021<\/td><td class=\"column-3\">10:08<\/td><td class=\"column-4\">t1<\/td><td class=\"column-5\">\u00d6BB G\u00fcterbahnhof Wolfurt<\/td><td class=\"column-6\"><a href=\"https:\/\/www.fw-oebb.at\/index.php\/2021\/10\/10\/einsatz-094-obb-guterbahnhof-wolfurt-ol-im-landgraben\/\">\u00d6l in Landgraben<\/a><\/td><td class=\"column-7\">technisch<\/td>\n<\/tr>\n<tr class=\"row-24\">\n\t<td class=\"column-1\">093<\/td><td class=\"column-2\">06.10.2021<\/td><td class=\"column-3\">11:10<\/td><td class=\"column-4\">t2,r3<\/td><td class=\"column-5\">\u00d6BB Alrbergbahnstrecke, Wildentobeltunnel<\/td><td class=\"column-6\"><a href=\"https:\/\/www.fw-oebb.at\/index.php\/2021\/10\/06\/einsatz-093-obb-arlbergbahnstrecke-wildentobeltunnel-techn-einsatz\/\">techn. Einsatz<\/a><\/td><td class=\"column-7\">technisch<\/td>\n<\/tr>\n<tr class=\"row-25\">\n\t<td class=\"column-1\">092<\/td><td class=\"column-2\">20.09.2021<\/td><td class=\"column-3\">14:14<\/td><td class=\"column-4\">f14<\/td><td class=\"column-5\">Wolfurt, \u00d6BB \u00dcbernachtungsgeb\u00e4ude<\/td><td class=\"column-6\"><a href=\"https:\/\/www.fw-oebb.at\/index.php\/2021\/09\/20\/einsatz-092-wolfurt-obb-ubernachtungsgebaude-bma-hat-ausgelost\/\">BMA hat ausgel\u00f6st<\/a><\/td><td class=\"column-7\">brand<\/td>\n<\/tr>\n<tr class=\"row-26\">\n\t<td class=\"column-1\">091<\/td><td class=\"column-2\">20.09.2021<\/td><td class=\"column-3\">08:26<\/td><td class=\"column-4\">f10<\/td><td class=\"column-5\">Bahnhof Rankweil<\/td><td class=\"column-6\"><a href=\"https:\/\/www.fw-oebb.at\/index.php\/2021\/09\/20\/einsatz-091-bahnhof-rankweil-kontrolle-erforderlich\/\">Kontrolle erforderlich<\/a><\/td><td class=\"column-7\">technisch<\/td>\n<\/tr>\n<tr class=\"row-27\">\n\t<td class=\"column-1\">090<\/td><td class=\"column-2\">19.09.2021<\/td><td class=\"column-3\">23:56<\/td><td class=\"column-4\">f14<\/td><td class=\"column-5\">Wolfurt, \u00d6BB \u00dcbernachtungsgeb\u00e4ude<\/td><td class=\"column-6\"><a href=\"https:\/\/www.fw-oebb.at\/index.php\/2021\/09\/20\/einsatz-090-wolfurt-obb-ubernachtungsgebaude-bma-hat-ausgelost\/\">BMA hat ausgel\u00f6st<\/a><\/td><td class=\"column-7\">brand<\/td>\n<\/tr>\n<tr class=\"row-28\">\n\t<td class=\"column-1\">089<\/td><td class=\"column-2\">17.09.2021<\/td><td class=\"column-3\">23:53<\/td><td class=\"column-4\">t1<\/td><td class=\"column-5\">Bahnhof Hohenems<\/td><td class=\"column-6\"><a href=\"https:\/\/www.fw-oebb.at\/index.php\/2021\/09\/19\/einsatz-089-bahnhof-hohenems-techn-hilfeleistung\/\">techn. Hilfeleistung<\/a><\/td><td class=\"column-7\">technisch<\/td>\n<\/tr>\n<tr class=\"row-29\">\n\t<td class=\"column-1\">088<\/td><td class=\"column-2\">16.09.2021<\/td><td class=\"column-3\">12:27<\/td><td class=\"column-4\">t2<\/td><td class=\"column-5\">G\u00fcterbahnhof Wolfurt<\/td><td class=\"column-6\"><a href=\"https:\/\/www.fw-oebb.at\/index.php\/2021\/09\/17\/einsatz-088-guterbahnhof-wolfurt-abklarung-pulveraustritt\/\">Abkl\u00e4rung Pulveraustritt<\/a><\/td><td class=\"column-7\">technisch<\/td>\n<\/tr>\n<tr class=\"row-30\">\n\t<td class=\"column-1\">087<\/td><td class=\"column-2\">07.09.2021<\/td><td class=\"column-3\">06:59<\/td><td class=\"column-4\">f1,a11<\/td><td class=\"column-5\">Bahnhof Feldkirch<\/td><td class=\"column-6\"><a href=\"https:\/\/www.fw-oebb.at\/index.php\/2021\/09\/07\/einsatz-087-bahnhof-feldkirch-kontrolle-nach-rauchentwicklung-am-waggon\/\">Kontrolle nach Rauchentwicklung am Waggon<\/a><\/td><td class=\"column-7\">brand<\/td>\n<\/tr>\n<tr class=\"row-31\">\n\t<td class=\"column-1\">086<\/td><td class=\"column-2\">05.09.2021<\/td><td class=\"column-3\">00:57<\/td><td class=\"column-4\">t1<\/td><td class=\"column-5\">Bahnhof Hohenems<\/td><td class=\"column-6\"><a href=\"https:\/\/www.fw-oebb.at\/index.php\/2021\/09\/07\/einsatz-086-bahnhof-hohenems-techn-hilfeleistung\/\">techn. Hilfeleistung<\/a><\/td><td class=\"column-7\">technisch<\/td>\n<\/tr>\n<tr class=\"row-32\">\n\t<td class=\"column-1\">085<\/td><td class=\"column-2\">04.09.2021<\/td><td class=\"column-3\">16:21<\/td><td class=\"column-4\">f14<\/td><td class=\"column-5\">Wolfurt, JCL Overland<\/td><td class=\"column-6\"><a href=\"https:\/\/www.fw-oebb.at\/index.php\/2021\/09\/07\/einsatz-085-wolfurt-jcl-overland-bma-hat-ausgelost\/\">BMA hat ausgel\u00f6st<\/a><\/td><td class=\"column-7\">brand<\/td>\n<\/tr>\n<tr class=\"row-33\">\n\t<td class=\"column-1\">084<\/td><td class=\"column-2\">31.08.2021<\/td><td class=\"column-3\">02:52<\/td><td class=\"column-4\">t2<\/td><td class=\"column-5\">Wolfurt Kesselstra\u00dfe<\/td><td class=\"column-6\"><a href=\"https:\/\/www.fw-oebb.at\/index.php\/2021\/08\/31\/einsatz-084-wolfurt-kesselstrase-unterfuhrung-auspumpen\/\">Unterf\u00fchrung auspumpen<\/a><\/td><td class=\"column-7\">technisch<\/td>\n<\/tr>\n<tr class=\"row-34\">\n\t<td class=\"column-1\">083<\/td><td class=\"column-2\">28.08.2021<\/td><td class=\"column-3\">11:39<\/td><td class=\"column-4\">t2<\/td><td class=\"column-5\">\u00d6BB Strecke Bregenz-Lindau<\/td><td class=\"column-6\"><a href=\"https:\/\/www.fw-oebb.at\/index.php\/2021\/08\/30\/einsatz-083-obb-strecke-bregenz-lindau-technischer-einsatz\/\">technischer Einsatz<\/a><\/td><td class=\"column-7\">technisch<\/td>\n<\/tr>\n<tr class=\"row-35\">\n\t<td class=\"column-1\">082<\/td><td class=\"column-2\">27.08.2021<\/td><td class=\"column-3\">22:55<\/td><td class=\"column-4\">f2<\/td><td class=\"column-5\">\u00d6BB Haltestelle Bregenz-Hafen<\/td><td class=\"column-6\"><a href=\"https:\/\/www.fw-oebb.at\/index.php\/2021\/08\/30\/einsatz-082-obb-haltestelle-bregenz-hafen-brand-getrankeautomat\/\">Brand Getr\u00e4nkeautomat<\/a><\/td><td class=\"column-7\">brand<\/td>\n<\/tr>\n<tr class=\"row-36\">\n\t<td class=\"column-1\">081<\/td><td class=\"column-2\">22.08.2021<\/td><td class=\"column-3\">06:12<\/td><td class=\"column-4\">f2<\/td><td class=\"column-5\">Wolfurt, Post Logistikzentrum<\/td><td class=\"column-6\"><a href=\"https:\/\/www.fw-oebb.at\/index.php\/2021\/08\/25\/einsatz-081-wolfurt-post-logistikzentrum-abklarung-akustischer-alarm\/\">Abkl\u00e4rung akustischer Alarm<\/a><\/td><td class=\"column-7\">brand<\/td>\n<\/tr>\n<tr class=\"row-37\">\n\t<td class=\"column-1\">080<\/td><td class=\"column-2\">20.08.2021<\/td><td class=\"column-3\">09:18<\/td><td class=\"column-4\">t1<\/td><td class=\"column-5\">Wolfurt, Post Logistikzentrum<\/td><td class=\"column-6\"><a href=\"https:\/\/www.fw-oebb.at\/index.php\/2021\/08\/25\/einsatz-080-wolfurt-post-logistikzentrum-bergung-arbeitsbuhne\/\">Bergung Arbeitsb\u00fchne<\/a><\/td><td class=\"column-7\">technisch<\/td>\n<\/tr>\n<tr class=\"row-38\">\n\t<td class=\"column-1\">079<\/td><td class=\"column-2\">12.08.2021<\/td><td class=\"column-3\">22:20<\/td><td class=\"column-4\">f11<\/td><td class=\"column-5\">Bahnhof Bludenz<\/td><td class=\"column-6\"><a href=\"https:\/\/www.fw-oebb.at\/index.php\/2021\/08\/25\/einsatz-079-bahnhof-bludenz-techn-hilfeleistung\/\">techn. Hilfeleistung<\/a><\/td><td class=\"column-7\">technisch<\/td>\n<\/tr>\n<tr class=\"row-39\">\n\t<td class=\"column-1\">078<\/td><td class=\"column-2\">02.08.2021<\/td><td class=\"column-3\">17:21<\/td><td class=\"column-4\">f10<\/td><td class=\"column-5\">Bahnhof Rankweil<\/td><td class=\"column-6\"><a href=\"https:\/\/www.fw-oebb.at\/index.php\/2021\/08\/02\/einsatz-078-bahnhof-rankweil-kontrolle-erforderlich\/\">Kontrolle erforderlich<\/a><\/td><td class=\"column-7\">technisch<\/td>\n<\/tr>\n<tr class=\"row-40\">\n\t<td class=\"column-1\">077<\/td><td class=\"column-2\">30.07.2021<\/td><td class=\"column-3\">18:48<\/td><td class=\"column-4\">f10<\/td><td class=\"column-5\">Bludenz, Bahnunterf\u00fchrung Klarenbrunnstra\u00dfe<\/td><td class=\"column-6\"><a href=\"https:\/\/www.fw-oebb.at\/index.php\/2021\/07\/30\/einsatz-077-bludenz-obb-unterfuhrung-klarenbrunnstrase-abklarung\/\">Abkl\u00e4rung<\/a><\/td><td class=\"column-7\">technisch<\/td>\n<\/tr>\n<tr class=\"row-41\">\n\t<td class=\"column-1\">076<\/td><td class=\"column-2\">25.07.2021<\/td><td class=\"column-3\">19:04<\/td><td class=\"column-4\">t7<\/td><td class=\"column-5\">Wolfurt, TSA Wolfurt<\/td><td class=\"column-6\"><a href=\"https:\/\/www.fw-oebb.at\/index.php\/2021\/07\/25\/einsatz-076-wolfurt-obb-terminal-wolfurt-uberdruck-in-co2-container\/\">\u00dcberdruck in CO2 Container<\/a><\/td><td class=\"column-7\">technisch<\/td>\n<\/tr>\n<tr class=\"row-42\">\n\t<td class=\"column-1\">075<\/td><td class=\"column-2\">22.07.2021<\/td><td class=\"column-3\">19:21<\/td><td class=\"column-4\">f11<\/td><td class=\"column-5\">Bahnhof Bludenz<\/td><td class=\"column-6\"><a href=\"https:\/\/www.fw-oebb.at\/index.php\/2021\/07\/23\/einsatz-075-bahnhof-bludenz-stellwerksstorung\/\">Stellwerkst\u00f6rung<\/a><\/td><td class=\"column-7\">technisch<\/td>\n<\/tr>\n<tr class=\"row-43\">\n\t<td class=\"column-1\">074<\/td><td class=\"column-2\">13.07.2021<\/td><td class=\"column-3\">10:27<\/td><td class=\"column-4\">t1<\/td><td class=\"column-5\">\u00d6BB Strecke Feldkirch-Bregenz<\/td><td class=\"column-6\"><a href=\"https:\/\/www.fw-oebb.at\/index.php\/2021\/07\/13\/einsatz-074-obb-strecke-feldkirch-bregenz-technischer-einsatz\/\">technischer Einsatz<\/a><\/td><td class=\"column-7\">technisch<\/td>\n<\/tr>\n<tr class=\"row-44\">\n\t<td class=\"column-1\">073<\/td><td class=\"column-2\">29.06.2021<\/td><td class=\"column-3\">15:28<\/td><td class=\"column-4\">f11<\/td><td class=\"column-5\">\u00d6BB Strecke Wolfurt-St. Margrethen<\/td><td class=\"column-6\"><a href=\"https:\/\/www.fw-oebb.at\/index.php\/2021\/06\/29\/einsatz-073-obb-strecke-wolfurt-st-margrethen-shuttledienst-benotigt\/\">Shuttledienst ben\u00f6tigt<\/a><\/td><td class=\"column-7\">technisch<\/td>\n<\/tr>\n<tr class=\"row-45\">\n\t<td class=\"column-1\">072<\/td><td class=\"column-2\">29.06.2021<\/td><td class=\"column-3\">14:34<\/td><td class=\"column-4\">f14<\/td><td class=\"column-5\">Wolfurt, Post Logistikzentrum<\/td><td class=\"column-6\"><a href=\"https:\/\/www.fw-oebb.at\/index.php\/2021\/06\/29\/einsatz-072-wolfurt-post-logistikzentrum-bma-hat-ausgelost-2\/\">BMA hat ausgel\u00f6st<\/a><\/td><td class=\"column-7\">brand<\/td>\n<\/tr>\n<tr class=\"row-46\">\n\t<td class=\"column-1\">071<\/td><td class=\"column-2\">29.06.2021<\/td><td class=\"column-3\">14:23<\/td><td class=\"column-4\">t1<\/td><td class=\"column-5\">Nenzing, Gaisstra\u00dfe<\/td><td class=\"column-6\"><a href=\"https:\/\/www.fw-oebb.at\/index.php\/2021\/06\/29\/einsatz-071-nenzing-gaisstrase-lkw-gegen-unterfuhrung\/\">LKW gegen Unterf\u00fchrung<\/a><\/td><td class=\"column-7\">technisch<\/td>\n<\/tr>\n<tr class=\"row-47\">\n\t<td class=\"column-1\">070<\/td><td class=\"column-2\">22.06.2021<\/td><td class=\"column-3\">09:05<\/td><td class=\"column-4\">t6\/f11<\/td><td class=\"column-5\">\u00d6BB Haltestelle Lauterach-West<\/td><td class=\"column-6\"><a href=\"https:\/\/www.fw-oebb.at\/index.php\/2021\/06\/22\/einsatz-070-obb-haltestelle-lauterach-west-gasleitung-beschadigt\/\">Gasleitung besch\u00e4digt<\/a><\/td><td class=\"column-7\">technisch<\/td>\n<\/tr>\n<tr class=\"row-48\">\n\t<td class=\"column-1\">069<\/td><td class=\"column-2\">20.06.2021<\/td><td class=\"column-3\">08:14<\/td><td class=\"column-4\">t1<\/td><td class=\"column-5\">Bahnhof Dornbirn<\/td><td class=\"column-6\"><a href=\"https:\/\/www.fw-oebb.at\/index.php\/2021\/06\/20\/einsatz-069-bahnhof-dornbirn-techn-hilfeleistung\/\">techn. Hilfeleistung<\/a><\/td><td class=\"column-7\">technisch<\/td>\n<\/tr>\n<tr class=\"row-49\">\n\t<td class=\"column-1\">068<\/td><td class=\"column-2\">20.06.2021<\/td><td class=\"column-3\">06:30<\/td><td class=\"column-4\">t1<\/td><td class=\"column-5\">Bahnhof Dornbirn<\/td><td class=\"column-6\"><a href=\"https:\/\/www.fw-oebb.at\/index.php\/2021\/06\/20\/einsatz-068-bahnhof-dornbirn-techn-hilfeleistung\/\">techn. Hilfeleistung<\/a><\/td><td class=\"column-7\">technisch<\/td>\n<\/tr>\n<tr class=\"row-50\">\n\t<td class=\"column-1\">067<\/td><td class=\"column-2\">19.06.2021<\/td><td class=\"column-3\">17:59<\/td><td class=\"column-4\">f14<\/td><td class=\"column-5\">Bahnhof Dornbirn<\/td><td class=\"column-6\"><a href=\"https:\/\/www.fw-oebb.at\/index.php\/2021\/06\/20\/einsatz-067-bahnhof-dornbirn-bma-hat-ausgelost\/\">BMA hat ausgel\u00f6st<\/a><\/td><td class=\"column-7\">brand<\/td>\n<\/tr>\n<tr class=\"row-51\">\n\t<td class=\"column-1\">066<\/td><td class=\"column-2\">11.06.2021<\/td><td class=\"column-3\">09:08<\/td><td class=\"column-4\">t2<\/td><td class=\"column-5\">Wolfurt, \u00d6BB Containerterminal<\/td><td class=\"column-6\"><a href=\"https:\/\/www.fw-oebb.at\/index.php\/2021\/06\/11\/einsatz-066-wolfurt-obb-containerterminal-containerkran-verkeilt\/\">Containerkran verkeilt<\/a><\/td><td class=\"column-7\">technisch<\/td>\n<\/tr>\n<tr class=\"row-52\">\n\t<td class=\"column-1\">065<\/td><td class=\"column-2\">08.06.2021<\/td><td class=\"column-3\">11:02<\/td><td class=\"column-4\">f14<\/td><td class=\"column-5\">Wolfurt, \u00d6BB Betriebsgeb\u00e4ude<\/td><td class=\"column-6\"><a href=\"https:\/\/www.fw-oebb.at\/index.php\/2021\/06\/11\/einsatz-065-wolfurt-obb-betriebsgebaude-bma-hat-ausgelost\/\">BMA hat ausgel\u00f6st<\/a><\/td><td class=\"column-7\">brand<\/td>\n<\/tr>\n<tr class=\"row-53\">\n\t<td class=\"column-1\">064<\/td><td class=\"column-2\">02.06.2021<\/td><td class=\"column-3\">02:26<\/td><td class=\"column-4\">f11<\/td><td class=\"column-5\">Bahnhof Bregenz<\/td><td class=\"column-6\"><a href=\"https:\/\/www.fw-oebb.at\/index.php\/2021\/06\/03\/einsatz-064-bahnhof-bregenz-shuttledienst-benotigt\/\">Shuttledienst ben\u00f6tigt<\/a><\/td><td class=\"column-7\">technisch\/brand<\/td>\n<\/tr>\n<tr class=\"row-54\">\n\t<td class=\"column-1\">063<\/td><td class=\"column-2\">24.05.2021<\/td><td class=\"column-3\">22:02<\/td><td class=\"column-4\">t1<\/td><td class=\"column-5\">Bahnhof Hohenems <\/td><td class=\"column-6\"><a href=\"https:\/\/www.fw-oebb.at\/index.php\/2021\/05\/24\/einsatz-063-bahnhof-hohenems-techn-hilfeleistung\/\">techn. Hilfeleistung<\/a><\/td><td class=\"column-7\">technisch<\/td>\n<\/tr>\n<tr class=\"row-55\">\n\t<td class=\"column-1\">062<\/td><td class=\"column-2\">20.05.2021<\/td><td class=\"column-3\">21:18<\/td><td class=\"column-4\">f11<\/td><td class=\"column-5\">Bahnhof Rankweil<\/td><td class=\"column-6\"><a href=\"https:\/\/www.fw-oebb.at\/index.php\/2021\/05\/20\/einsatz-062-bahnhof-rankweil-techn-hilfeleistung\/\">techn. Hilfeleistung<\/a><\/td><td class=\"column-7\">technisch<\/td>\n<\/tr>\n<tr class=\"row-56\">\n\t<td class=\"column-1\">061<\/td><td class=\"column-2\">14.05.2021<\/td><td class=\"column-3\">18:27<\/td><td class=\"column-4\">t2<\/td><td class=\"column-5\">\u00d6BB Strecke Feldkirch-Bregenz<\/td><td class=\"column-6\"><a href=\"https:\/\/www.fw-oebb.at\/index.php\/2021\/05\/14\/einsatz-061-obb-strecke-feldkirch-bregenz-evakuierung-erforderlich\/\">Evakuierung erforderlich<\/a><\/td><td class=\"column-7\">technisch<\/td>\n<\/tr>\n<tr class=\"row-57\">\n\t<td class=\"column-1\">060<\/td><td class=\"column-2\">12.05.2021<\/td><td class=\"column-3\">07:18<\/td><td class=\"column-4\">f2<\/td><td class=\"column-5\">Bahnhof Bludenz<\/td><td class=\"column-6\"><a href=\"https:\/\/www.fw-oebb.at\/index.php\/2021\/05\/14\/einsatz-060-bahnhof-bludenz-mullkubelbrand\/\">M\u00fcllk\u00fcbelbrand<\/a><\/td><td class=\"column-7\">brand<\/td>\n<\/tr>\n<tr class=\"row-58\">\n\t<td class=\"column-1\">059<\/td><td class=\"column-2\">11.05.2021<\/td><td class=\"column-3\">12:55<\/td><td class=\"column-4\">f11<\/td><td class=\"column-5\">\u00d6BB Strecke Feldkirch-Buchs<\/td><td class=\"column-6\"><a href=\"https:\/\/www.fw-oebb.at\/index.php\/2021\/05\/11\/einsatz-059-obb-strecke-feldkirch-buchs-shuttledienst-benotigt-2\/\">Shutteldienst ben\u00f6tigt<\/a><\/td><td class=\"column-7\">technisch<\/td>\n<\/tr>\n<tr class=\"row-59\">\n\t<td class=\"column-1\">058<\/td><td class=\"column-2\">10.05.2021<\/td><td class=\"column-3\">13:27<\/td><td class=\"column-4\">f2<\/td><td class=\"column-5\">Bahnhof G\u00f6tzis<\/td><td class=\"column-6\"><a href=\"https:\/\/www.fw-oebb.at\/index.php\/2021\/05\/10\/einsatz-058-bahnhof-gotzis-containerbrand\/\">Containerbrand<\/a><\/td><td class=\"column-7\">brand<\/td>\n<\/tr>\n<tr class=\"row-60\">\n\t<td class=\"column-1\">057<\/td><td class=\"column-2\">09.05.2021<\/td><td class=\"column-3\">15:12<\/td><td class=\"column-4\">t1<\/td><td class=\"column-5\">Bahnhof G\u00f6tzis<\/td><td class=\"column-6\"><a href=\"https:\/\/www.fw-oebb.at\/index.php\/2021\/05\/09\/einsatz-057-bahnhof-gotzis-drache-in-oberleitung\/\">Drache in Oberleitung<\/a><\/td><td class=\"column-7\">technisch<\/td>\n<\/tr>\n<tr class=\"row-61\">\n\t<td class=\"column-1\">056<\/td><td class=\"column-2\">01.05.2021<\/td><td class=\"column-3\">06:56<\/td><td class=\"column-4\">t1<\/td><td class=\"column-5\">Bahnhof Bregenz<\/td><td class=\"column-6\"><a href=\"https:\/\/www.fw-oebb.at\/index.php\/2021\/05\/02\/einsatz-056-bahnhof-bregenz-bergung-regionalzug\/\">Bergung Regionalzug<\/a><\/td><td class=\"column-7\">technisch<\/td>\n<\/tr>\n<tr class=\"row-62\">\n\t<td class=\"column-1\">055<\/td><td class=\"column-2\">30.04.2021<\/td><td class=\"column-3\">22:30<\/td><td class=\"column-4\">t2<\/td><td class=\"column-5\">Bahnhof Bregenz<\/td><td class=\"column-6\"><a href=\"https:\/\/www.fw-oebb.at\/index.php\/2021\/05\/02\/einsatz-055-bahnhof-bregenz-regionalzug-entgleist-evakuierung-notwendig\/\">Regionalzug entgleist, Evakuierung erforderlich<\/a><\/td><td class=\"column-7\">technisch<\/td>\n<\/tr>\n<tr class=\"row-63\">\n\t<td class=\"column-1\">054<\/td><td class=\"column-2\">29.04.2021<\/td><td class=\"column-3\">16:46<\/td><td class=\"column-4\">f11<\/td><td class=\"column-5\">Bahnhof Hohenems<\/td><td class=\"column-6\"><a href=\"https:\/\/www.fw-oebb.at\/index.php\/2021\/05\/02\/einsatz-054-bahnhof-hohenems-techn-hilfeleistung\/\">techn. Hilfeleistung<\/a><\/td><td class=\"column-7\">technisch<\/td>\n<\/tr>\n<tr class=\"row-64\">\n\t<td class=\"column-1\">053<\/td><td class=\"column-2\">22.04.2021<\/td><td class=\"column-3\">10:09<\/td><td class=\"column-4\">f14<\/td><td class=\"column-5\">Wolfurt, \u00d6BB \u00dcbernachtungsgeb\u00e4ude<\/td><td class=\"column-6\"><a href=\"https:\/\/www.fw-oebb.at\/index.php\/2021\/04\/25\/einsatz-053-wolfurt-obb-ubernachtungsgebaude-bma-hat-ausgelost\/\">BMA hat ausgel\u00f6st<\/a><\/td><td class=\"column-7\">brand<\/td>\n<\/tr>\n<tr class=\"row-65\">\n\t<td class=\"column-1\">052<\/td><td class=\"column-2\">19.04.2021<\/td><td class=\"column-3\">21:12<\/td><td class=\"column-4\">f11<\/td><td class=\"column-5\">Bahnhof Lustenau<\/td><td class=\"column-6\"><a href=\"https:\/\/www.fw-oebb.at\/index.php\/2021\/04\/21\/einsatz-052-bahnhof-lustenau-techn-einsatz\/\">techn. Einsatz<\/a><\/td><td class=\"column-7\">technisch<\/td>\n<\/tr>\n<tr class=\"row-66\">\n\t<td class=\"column-1\">051<\/td><td class=\"column-2\">18.04.2021<\/td><td class=\"column-3\">17:54<\/td><td class=\"column-4\">f11<\/td><td class=\"column-5\">Bahnhof Dornbirn<\/td><td class=\"column-6\"><a href=\"https:\/\/www.fw-oebb.at\/index.php\/2021\/04\/18\/einsatz-051-bahnhof-dornbirn-techn-einsatz\/\">techn. Einsatz<\/a><\/td><td class=\"column-7\">technisch<\/td>\n<\/tr>\n<tr class=\"row-67\">\n\t<td class=\"column-1\">050<\/td><td class=\"column-2\">09.04.2021<\/td><td class=\"column-3\">09:58<\/td><td class=\"column-4\">f2<\/td><td class=\"column-5\">\u00d6BB Traktion Bludenz<\/td><td class=\"column-6\"><a href=\"https:\/\/www.fw-oebb.at\/index.php\/2021\/04\/09\/einsatz-050-obb-traktion-bludenz-oberleitung-auf-taurus-gefallen\/\">Oberleitung auf Taurus gefallen<\/a><\/td><td class=\"column-7\">technisch<\/td>\n<\/tr>\n<tr class=\"row-68\">\n\t<td class=\"column-1\">049<\/td><td class=\"column-2\">06.04.2021<\/td><td class=\"column-3\">12:30<\/td><td class=\"column-4\">f14<\/td><td class=\"column-5\">Wolfurt, Post Logistikzentrum<\/td><td class=\"column-6\"><a href=\"https:\/\/www.fw-oebb.at\/index.php\/2021\/04\/06\/einsatz-049-wolfurt-post-logistikzentrum-bma-hat-ausgelost\/\">BMA hat ausgel\u00f6st<\/a><\/td><td class=\"column-7\">brand<\/td>\n<\/tr>\n<tr class=\"row-69\">\n\t<td class=\"column-1\">048<\/td><td class=\"column-2\">02.04.2021<\/td><td class=\"column-3\">15:48<\/td><td class=\"column-4\">f2<\/td><td class=\"column-5\">\u00d6BB Haltestelle Klaus<\/td><td class=\"column-6\"><a href=\"https:\/\/www.fw-oebb.at\/index.php\/2021\/04\/02\/einsatz-048-obb-haltestelle-klaus-brand-holzschweller\/\">Brand Bahnschweller<\/a><\/td><td class=\"column-7\">brand<\/td>\n<\/tr>\n<tr class=\"row-70\">\n\t<td class=\"column-1\">047<\/td><td class=\"column-2\">01.04.2021<\/td><td class=\"column-3\">17:30<\/td><td class=\"column-4\">t1<\/td><td class=\"column-5\">Wolfurt, \u00d6BB Terminal Wolfurt<\/td><td class=\"column-6\"><a href=\"https:\/\/www.fw-oebb.at\/index.php\/2021\/04\/02\/einsatz-047-wolfurt-obb-terminal-wolfurt-umladen-hybrid-fahrzeug\/\">Umladen Hybrid Fahrzeug<\/a><\/td><td class=\"column-7\">technisch<\/td>\n<\/tr>\n<tr class=\"row-71\">\n\t<td class=\"column-1\">046<\/td><td class=\"column-2\">30.03.2021 <\/td><td class=\"column-3\">19:49<\/td><td class=\"column-4\">f11<\/td><td class=\"column-5\">Bahnhof Nendeln (FL)<\/td><td class=\"column-6\"><a href=\"https:\/\/www.fw-oebb.at\/index.php\/2021\/03\/31\/einsatz-046-bahnhof-nendeln-fl-shuttledienst-benotigt\/\">Shuttledienst ben\u00f6tigt<\/a><\/td><td class=\"column-7\">technisch<\/td>\n<\/tr>\n<tr class=\"row-72\">\n\t<td class=\"column-1\">045<\/td><td class=\"column-2\">29.03.2021<\/td><td class=\"column-3\">17:03<\/td><td class=\"column-4\">f2<\/td><td class=\"column-5\">G\u00fcterbahnhof Wolfurt<\/td><td class=\"column-6\"><a href=\"https:\/\/www.fw-oebb.at\/index.php\/2021\/03\/29\/einsatz-045-guterbahnhof-wolfurt-brandentwicklung-auf-waggon\/\">Brandentwicklung auf Waggon<\/a><\/td><td class=\"column-7\">brand<\/td>\n<\/tr>\n<tr class=\"row-73\">\n\t<td class=\"column-1\">044<\/td><td class=\"column-2\">27.03.2021<\/td><td class=\"column-3\">15:15<\/td><td class=\"column-4\">f11<\/td><td class=\"column-5\">\u00d6BB Strecke Wolfurt-St. Margrethen<\/td><td class=\"column-6\"><a href=\"https:\/\/www.fw-oebb.at\/index.php\/2021\/03\/28\/einsatz-044-obb-strecke-wolfurt-st-margrethen-shuttledienst-wird-benotigt\/\">Shuttledienst wird ben\u00f6tigt<\/a><\/td><td class=\"column-7\">technisch<\/td>\n<\/tr>\n<tr class=\"row-74\">\n\t<td class=\"column-1\">043<\/td><td class=\"column-2\">27.03.2021<\/td><td class=\"column-3\">02:59<\/td><td class=\"column-4\">t1<\/td><td class=\"column-5\">Wolfurt, \u00d6BB Containerterminal<\/td><td class=\"column-6\"><a href=\"https:\/\/www.fw-oebb.at\/index.php\/2021\/03\/27\/einsatz-043-wolfurt-oebb-containerterminal-unterstutzung-of-lustenau-bei-e-fahrzeugbrand\/\">Unterst\u00fctzung OF Lustenau bei E-Fahrzeugbrand<\/a><\/td><td class=\"column-7\">brand<\/td>\n<\/tr>\n<tr class=\"row-75\">\n\t<td class=\"column-1\">042<\/td><td class=\"column-2\">13.03.2021<\/td><td class=\"column-3\">17:00<\/td><td class=\"column-4\">f14<\/td><td class=\"column-5\">Wolfurt, Post Logistikzentrum<\/td><td class=\"column-6\"><a href=\"https:\/\/www.fw-oebb.at\/index.php\/2021\/03\/13\/einsatz-042-wolfurt-post-logistikzentrum-bma-hat-ausgelost\/\">BMA hat ausgel\u00f6st<\/a><\/td><td class=\"column-7\">brand<\/td>\n<\/tr>\n<tr class=\"row-76\">\n\t<td class=\"column-1\">041<\/td><td class=\"column-2\">12.03.2021<\/td><td class=\"column-3\">00:14<\/td><td class=\"column-4\">t1<\/td><td class=\"column-5\">G\u00fcterbahnhof Wolfurt, ehem. TS Halle<\/td><td class=\"column-6\"><a href=\"https:\/\/www.fw-oebb.at\/index.php\/2021\/03\/12\/einsatz-041-guterbahnhof-wolfurt-ehm-ts-halle-erdungsarbeiten-erforderlich\/\">Erdungsarbeiten erforderlich<\/a><\/td><td class=\"column-7\">technisch<\/td>\n<\/tr>\n<tr class=\"row-77\">\n\t<td class=\"column-1\">040<\/td><td class=\"column-2\">11.03.2021<\/td><td class=\"column-3\">23:19<\/td><td class=\"column-4\">f14<\/td><td class=\"column-5\">Wolfurt, Post Logistikzentrum<\/td><td class=\"column-6\"><a href=\"https:\/\/www.fw-oebb.at\/index.php\/2021\/03\/12\/einsatz-040-wolfurt-post-logistikzentrum-bma-hat-ausgelost\/\">BMA hat ausgel\u00f6st<\/a><\/td><td class=\"column-7\">brand<\/td>\n<\/tr>\n<tr class=\"row-78\">\n\t<td class=\"column-1\">039<\/td><td class=\"column-2\">07.03.2021<\/td><td class=\"column-3\">22:40<\/td><td class=\"column-4\">t2, a11, f11<\/td><td class=\"column-5\">Haltestelle Klaus<\/td><td class=\"column-6\"><a href=\"https:\/\/www.fw-oebb.at\/index.php\/2021\/03\/08\/einsatz-039-haltestelle-klaus-pkw-auf-gleis\/\">PKW auf Gleis<\/a><\/td><td class=\"column-7\">technisch<\/td>\n<\/tr>\n<tr class=\"row-79\">\n\t<td class=\"column-1\">038<\/td><td class=\"column-2\">03.03.2021<\/td><td class=\"column-3\">23:50<\/td><td class=\"column-4\">f14<\/td><td class=\"column-5\">Wolfurt, Post Logistikzentrum<\/td><td class=\"column-6\"><a href=\"https:\/\/www.fw-oebb.at\/index.php\/2021\/03\/04\/einsatz-038-wolfurt-post-logistikzentrum-bma-hat-ausgelost\/\">BMA hat ausgel\u00f6st<\/a><\/td><td class=\"column-7\">brand<\/td>\n<\/tr>\n<tr class=\"row-80\">\n\t<td class=\"column-1\">037<\/td><td class=\"column-2\">22.02.2021<\/td><td class=\"column-3\">00:20<\/td><td class=\"column-4\">t1<\/td><td class=\"column-5\">Bahnhof Hohenems<\/td><td class=\"column-6\"><a href=\"https:\/\/www.fw-oebb.at\/index.php\/2021\/02\/22\/einsatz-037-bahnhof-hohenems-techn-einsatz\/\">techn. Einsatz<\/a><\/td><td class=\"column-7\">technisch<\/td>\n<\/tr>\n<tr class=\"row-81\">\n\t<td class=\"column-1\">036<\/td><td class=\"column-2\">21.02.2021<\/td><td class=\"column-3\">13:22<\/td><td class=\"column-4\">t2<\/td><td class=\"column-5\">Wolfurt, \u00d6BB \u00dcbernachtungsgeb\u00e4ude<\/td><td class=\"column-6\"><a href=\"https:\/\/www.fw-oebb.at\/index.php\/2021\/02\/21\/einsatz-036-wolfurt-obb-ubernachtungsgebaude-techn-einsatz\/\">techn. Einsatz<\/a><\/td><td class=\"column-7\">technisch<\/td>\n<\/tr>\n<tr class=\"row-82\">\n\t<td class=\"column-1\">035<\/td><td class=\"column-2\">17.02.2021<\/td><td class=\"column-3\">08:02<\/td><td class=\"column-4\">f11<\/td><td class=\"column-5\">\u00d6BB Strecke Feldkirch-Bregenz<\/td><td class=\"column-6\"><a href=\"https:\/\/www.fw-oebb.at\/index.php\/2021\/02\/17\/einsatz-035-obb-strecke-feldkirch-bregenz-shuttledienst-benotigt\/\">Shuttledienst ben\u00f6tigt<\/a><\/td><td class=\"column-7\">technisch<\/td>\n<\/tr>\n<tr class=\"row-83\">\n\t<td class=\"column-1\">034<\/td><td class=\"column-2\">14.02.2021<\/td><td class=\"column-3\">18:30<\/td><td class=\"column-4\">f11<\/td><td class=\"column-5\">Bahnhof Hohenems<\/td><td class=\"column-6\"><a href=\"https:\/\/www.fw-oebb.at\/index.php\/2021\/02\/14\/einsatz-034-bahnhof-hohenems-techn-einsatz\/\">techn. Einsatz<\/a><\/td><td class=\"column-7\">technisch<\/td>\n<\/tr>\n<tr class=\"row-84\">\n\t<td class=\"column-1\">033<\/td><td class=\"column-2\">12.02.2021<\/td><td class=\"column-3\">13:24<\/td><td class=\"column-4\">f14<\/td><td class=\"column-5\">Wolfurt, Post Logistikzentrum<\/td><td class=\"column-6\"><a href=\"https:\/\/www.fw-oebb.at\/index.php\/2021\/02\/12\/einsatz-033-wolfurt-post-logistikzentrum-bma-hat-ausgelost\/\">BMA hat ausgel\u00f6st<\/a><\/td><td class=\"column-7\">brand<\/td>\n<\/tr>\n<tr class=\"row-85\">\n\t<td class=\"column-1\">032<\/td><td class=\"column-2\">12.02.2021<\/td><td class=\"column-3\">10:55<\/td><td class=\"column-4\">f11<\/td><td class=\"column-5\">Bahnhof Frastanz<\/td><td class=\"column-6\"><a href=\"https:\/\/www.fw-oebb.at\/index.php\/2021\/02\/14\/einsatz-032-bahnhof-frastanz-shuttledienst-benotigt\/\">Shuttledienst ben\u00f6tigt<\/a><\/td><td class=\"column-7\">technisch<\/td>\n<\/tr>\n<tr class=\"row-86\">\n\t<td class=\"column-1\">031<\/td><td class=\"column-2\">31.01.2021<\/td><td class=\"column-3\">13:09<\/td><td class=\"column-4\">t1<\/td><td class=\"column-5\">Bahnhof Dornbirn<\/td><td class=\"column-6\"><a href=\"https:\/\/www.fw-oebb.at\/index.php\/2021\/02\/01\/einsatz-031-bahnhof-dornbirn-erneuter-wassereintritt-lift-maschinenraum\/\">erneuter Wassereintritt Lift Maschinenraum<\/a><\/td><td class=\"column-7\">technisch<\/td>\n<\/tr>\n<tr class=\"row-87\">\n\t<td class=\"column-1\">030<\/td><td class=\"column-2\">30.01.2021<\/td><td class=\"column-3\">18:00<\/td><td class=\"column-4\">t1<\/td><td class=\"column-5\">Bahnhof Dornbirn<\/td><td class=\"column-6\"><a href=\"https:\/\/www.fw-oebb.at\/index.php\/2021\/02\/01\/einsatz-030-bahnhof-dornbirn-lift-maschinenraum-pumpen-benotigt\/\">Lift Maschinenraum, Pumpen ben\u00f6tigt<\/a><\/td><td class=\"column-7\">technisch<\/td>\n<\/tr>\n<tr class=\"row-88\">\n\t<td class=\"column-1\">029<\/td><td class=\"column-2\">22.01.2021<\/td><td class=\"column-3\">12:59<\/td><td class=\"column-4\">f14<\/td><td class=\"column-5\">Wolfurt, \u00d6BB Postbus<\/td><td class=\"column-6\"><a href=\"https:\/\/www.fw-oebb.at\/index.php\/2021\/01\/22\/einsatz-029-wolfurt-obb-postbus-bma-hat-ausgelost\/\">BMA hat ausgel\u00f6st<\/a><\/td><td class=\"column-7\">brand<\/td>\n<\/tr>\n<tr class=\"row-89\">\n\t<td class=\"column-1\">028<\/td><td class=\"column-2\">21.01.2021<\/td><td class=\"column-3\">18:15<\/td><td class=\"column-4\">f11<\/td><td class=\"column-5\">Bahnhof Bludenz<\/td><td class=\"column-6\"><a href=\"https:\/\/www.fw-oebb.at\/index.php\/2021\/01\/22\/einsatz-028-bahnhof-bludenz-techn-einsatz\/\">techn. Einsatz<\/a><\/td><td class=\"column-7\">technisch<\/td>\n<\/tr>\n<tr class=\"row-90\">\n\t<td class=\"column-1\">027<\/td><td class=\"column-2\">20.01.2021<\/td><td class=\"column-3\">20:20<\/td><td class=\"column-4\">f10<\/td><td class=\"column-5\">\u00d6BB Strecke Wolfurt-St. Margrethen<\/td><td class=\"column-6\"><a href=\"https:\/\/www.fw-oebb.at\/index.php\/2021\/01\/20\/einsatz-027-obb-strecke-wolfurt-st-margrethen-starker-funkenflug-sichtbar\/\">starker Funkenflug sichtbar<\/a><\/td><td class=\"column-7\">technisch<\/td>\n<\/tr>\n<tr class=\"row-91\">\n\t<td class=\"column-1\">026<\/td><td class=\"column-2\">20.01.2021<\/td><td class=\"column-3\">19:10<\/td><td class=\"column-4\">f10<\/td><td class=\"column-5\">St. Anton im Montafon, MBS Strecke<\/td><td class=\"column-6\"><a href=\"https:\/\/www.fw-oebb.at\/index.php\/2021\/01\/20\/einsatz-026-st-anton-im-montafon-mbs-strecke-techn-unterstutzung\/\">Techn. Unterst\u00fctzung<\/a><\/td><td class=\"column-7\">technisch<\/td>\n<\/tr>\n<tr class=\"row-92\">\n\t<td class=\"column-1\">025<\/td><td class=\"column-2\">18.01.2021<\/td><td class=\"column-3\">14:14<\/td><td class=\"column-4\">t1<\/td><td class=\"column-5\">Wolfurt, G\u00fcterbahnhof<\/td><td class=\"column-6\"><a href=\"https:\/\/www.fw-oebb.at\/index.php\/2021\/01\/19\/einsatz-025-wolfurt-guterbahnhof-schneeraumen-zufahrt-traktion\/\">Schneer\u00e4umen Zufahrt Traktion<\/a><\/td><td class=\"column-7\">technisch<\/td>\n<\/tr>\n<tr class=\"row-93\">\n\t<td class=\"column-1\">024<\/td><td class=\"column-2\">17.01.2021<\/td><td class=\"column-3\">15:00<\/td><td class=\"column-4\">t1<\/td><td class=\"column-5\">G\u00fcterbahnhof Wolfurt<\/td><td class=\"column-6\"><a href=\"https:\/\/www.fw-oebb.at\/index.php\/2021\/01\/17\/einsatz-024-guterabahnhof-wolfurt-hydranten-freischaufeln\/\">Hydranten freischaufeln<\/a><\/td><td class=\"column-7\">technisch<\/td>\n<\/tr>\n<tr class=\"row-94\">\n\t<td class=\"column-1\">023<\/td><td class=\"column-2\">17.01.2021<\/td><td class=\"column-3\">14:06<\/td><td class=\"column-4\">t1<\/td><td class=\"column-5\">G\u00f6tzis, Dr.-Alfons Heinzle Stra\u00dfe<\/td><td class=\"column-6\"><a href=\"https:\/\/www.fw-oebb.at\/index.php\/2021\/01\/17\/einsatz-022-gotzis-dr-alfons-heinzle-strase-pkw-stecken-geblieben\/\">PKW stecken geblieben<\/a><\/td><td class=\"column-7\">technisch<\/td>\n<\/tr>\n<tr class=\"row-95\">\n\t<td class=\"column-1\">022<\/td><td class=\"column-2\">17.01.2021<\/td><td class=\"column-3\">12:52<\/td><td class=\"column-4\">f11<\/td><td class=\"column-5\">Bahnhof G\u00f6tzis<\/td><td class=\"column-6\"><a href=\"https:\/\/www.fw-oebb.at\/index.php\/2021\/01\/17\/einsatz-021-bahnhof-gotzis-shuttledienst-benotigt\/\">Shuttledienst ben\u00f6tigt<\/a><\/td><td class=\"column-7\">technisch<\/td>\n<\/tr>\n<tr class=\"row-96\">\n\t<td class=\"column-1\">021<\/td><td class=\"column-2\">17.01.2021<\/td><td class=\"column-3\">09:00<\/td><td class=\"column-4\">t1<\/td><td class=\"column-5\">Wolfurt, \u00d6BB Terminal<\/td><td class=\"column-6\"><a href=\"https:\/\/www.fw-oebb.at\/index.php\/2021\/01\/17\/einsatz-021-wolfurt-obb-terminal-umweltschutzgleis-ausschaufeln\/\">Umweltschutzgleis ausschaufeln<\/a><\/td><td class=\"column-7\">technisch<\/td>\n<\/tr>\n<tr class=\"row-97\">\n\t<td class=\"column-1\">020<\/td><td class=\"column-2\">15.01.2021<\/td><td class=\"column-3\">14:38<\/td><td class=\"column-4\">t1<\/td><td class=\"column-5\">\u00d6BB Strecke Feldkirch-Buchs<\/td><td class=\"column-6\"><a href=\"https:\/\/www.fw-oebb.at\/index.php\/2021\/01\/16\/einsatz-020-obb-strecke-feldkirch-buchs-baum-auf-obb-strecke\/\">Baum auf \u00d6BB Strecke<\/a><\/td><td class=\"column-7\">technisch<\/td>\n<\/tr>\n<tr class=\"row-98\">\n\t<td class=\"column-1\">019<\/td><td class=\"column-2\">15.01.2021<\/td><td class=\"column-3\">13:02<\/td><td class=\"column-4\">t1<\/td><td class=\"column-5\">Arlbergbahnstrecke<\/td><td class=\"column-6\"><a href=\"https:\/\/www.fw-oebb.at\/index.php\/2021\/01\/16\/einsatz-019-arlbergbahnstrecke-baum-auf-gleis\/\">Baum auf Gleis<\/a><\/td><td class=\"column-7\">technisch<\/td>\n<\/tr>\n<tr class=\"row-99\">\n\t<td class=\"column-1\">018<\/td><td class=\"column-2\">15.01.2021<\/td><td class=\"column-3\">12:21<\/td><td class=\"column-4\">t1<\/td><td class=\"column-5\">Bahnhof Frastanz<\/td><td class=\"column-6\"><a href=\"https:\/\/www.fw-oebb.at\/index.php\/2021\/01\/16\/einsatz-018-bahnhof-frastanz-linienbus-steckt-fest\/\">Linienbus steckt fest<\/a><\/td><td class=\"column-7\">technisch<\/td>\n<\/tr>\n<tr class=\"row-100\">\n\t<td class=\"column-1\">017<\/td><td class=\"column-2\">15.01.2021<\/td><td class=\"column-3\">11:39<\/td><td class=\"column-4\">t1<\/td><td class=\"column-5\">Wolfurt, \u00d6BB Terminal<\/td><td class=\"column-6\"><a href=\"https:\/\/www.fw-oebb.at\/index.php\/2021\/01\/16\/einsatz-017-wolfurt-obb-terminal-schneeeinsatz\/\">Schneeeinsatz<\/a><\/td><td class=\"column-7\">technisch<\/td>\n<\/tr>\n<tr class=\"row-101\">\n\t<td class=\"column-1\">016<\/td><td class=\"column-2\">15.01.2021<\/td><td class=\"column-3\">10:22<\/td><td class=\"column-4\">t2<\/td><td class=\"column-5\">Feldkirch, Jahnplatz<\/td><td class=\"column-6\"><a href=\"https:\/\/www.fw-oebb.at\/index.php\/2021\/01\/16\/einsatz-016-feldkirch-jahnplatz-baume-in-oberleitung\/\">B\u00e4ume in Oberleitung<\/a><\/td><td class=\"column-7\">technisch<\/td>\n<\/tr>\n<tr class=\"row-102\">\n\t<td class=\"column-1\">015<\/td><td class=\"column-2\">15.01.2021<\/td><td class=\"column-3\">08:23<\/td><td class=\"column-4\">t1<\/td><td class=\"column-5\">Arlbergbahnstrecke<\/td><td class=\"column-6\"><a href=\"https:\/\/www.fw-oebb.at\/index.php\/2021\/01\/16\/einsatz-015-arlbergbahnstrecke-baum-auf-gleis\/\">Baum auf Gleis<\/a><\/td><td class=\"column-7\">technisch<\/td>\n<\/tr>\n<tr class=\"row-103\">\n\t<td class=\"column-1\">014<\/td><td class=\"column-2\">15.01.2021<\/td><td class=\"column-3\">07:28<\/td><td class=\"column-4\">t2<\/td><td class=\"column-5\">Bahnhof Lustenau<\/td><td class=\"column-6\"><a href=\"https:\/\/www.fw-oebb.at\/index.php\/2021\/01\/16\/einsatz-014-bahnhof-lustenau-gelenksbus-steckt-fest\/\">Gelenksbus steckt fest<\/a><\/td><td class=\"column-7\">technisch<\/td>\n<\/tr>\n<tr class=\"row-104\">\n\t<td class=\"column-1\">013<\/td><td class=\"column-2\">15.01.2021<\/td><td class=\"column-3\">07:20<\/td><td class=\"column-4\">t1<\/td><td class=\"column-5\">Feldkirch, Beim Levner Weiher<\/td><td class=\"column-6\"><a href=\"https:\/\/www.fw-oebb.at\/index.php\/2021\/01\/16\/einsatz-013-feldkirch-beim-levner-weiher-baum-verlegt-fahrbahn\/\">Baum verlegt Fahrbahn<\/a><\/td><td class=\"column-7\">technisch<\/td>\n<\/tr>\n<tr class=\"row-105\">\n\t<td class=\"column-1\">012<\/td><td class=\"column-2\">15.01.2021<\/td><td class=\"column-3\">00:16<\/td><td class=\"column-4\">f14<\/td><td class=\"column-5\">Wolfurt, \u00d6BB \u00dcbernachtungsgeb\u00e4ude<\/td><td class=\"column-6\"><a href=\"https:\/\/www.fw-oebb.at\/index.php\/2021\/01\/16\/einsatz-012-wolfurt-obb-ubernachtungsgebaude-bma-hat-ausgelost\/\">BMA hat ausgel\u00f6st<\/a><\/td><td class=\"column-7\">brand<\/td>\n<\/tr>\n<tr class=\"row-106\">\n\t<td class=\"column-1\">011<\/td><td class=\"column-2\">14.01.2021<\/td><td class=\"column-3\">23:48<\/td><td class=\"column-4\">t2, f11<\/td><td class=\"column-5\">\u00d6BB Strecke Feldkirch-Bregenz<\/td><td class=\"column-6\"><a href=\"https:\/\/www.fw-oebb.at\/index.php\/2021\/01\/16\/einsatz-011-obb-strecke-feldkirch-bregenz-baum-in-oberleitung\/\">Baum in Oberleitung<\/a><\/td><td class=\"column-7\">technisch<\/td>\n<\/tr>\n<tr class=\"row-107\">\n\t<td class=\"column-1\">010<\/td><td class=\"column-2\">14.01.2021<\/td><td class=\"column-3\">23:01<\/td><td class=\"column-4\">t1<\/td><td class=\"column-5\">Rankweil, Langgasse<\/td><td class=\"column-6\"><a href=\"https:\/\/www.fw-oebb.at\/index.php\/2021\/01\/16\/einsatz-010-rankweil-langgasse-lkw-in-graben-gerutscht\/\">LKW in Graben gerutscht<\/a><\/td><td class=\"column-7\">technisch<\/td>\n<\/tr>\n<tr class=\"row-108\">\n\t<td class=\"column-1\">009<\/td><td class=\"column-2\">14.01.2021<\/td><td class=\"column-3\">21:35<\/td><td class=\"column-4\">t1<\/td><td class=\"column-5\">\u00d6BB Strecke Feldkirch-Buchs<\/td><td class=\"column-6\"><a href=\"https:\/\/www.fw-oebb.at\/index.php\/2021\/01\/16\/einsatz-009-obb-strecke-feldkirch-buchs-baum-in-oberleitung\/\">Baum in Oberleitung<\/a><\/td><td class=\"column-7\">technisch<\/td>\n<\/tr>\n<tr class=\"row-109\">\n\t<td class=\"column-1\">008<\/td><td class=\"column-2\">14.01.2021<\/td><td class=\"column-3\">21:00<\/td><td class=\"column-4\">t1<\/td><td class=\"column-5\">A14, Fahrtrichtung Tirol<\/td><td class=\"column-6\"><a href=\"https:\/\/www.fw-oebb.at\/index.php\/2021\/01\/16\/einsatz-008-a14-fahrtrichtung-tirol-absichern-unfallstelle\/\">Absichern Unfallstelle<\/a><\/td><td class=\"column-7\">technisch<\/td>\n<\/tr>\n<tr class=\"row-110\">\n\t<td class=\"column-1\">007<\/td><td class=\"column-2\">14.01.2021<\/td><td class=\"column-3\">14:30<\/td><td class=\"column-4\">t1<\/td><td class=\"column-5\">Wolfurt, \u00d6BB Terminal<\/td><td class=\"column-6\"><a href=\"https:\/\/www.fw-oebb.at\/index.php\/2021\/01\/16\/einsatz-007-wolfurt-obb-terminal-umweltschutzgleis-ausschaufeln\/\">Umweltschutzgleis ausschaufeln<\/a><\/td><td class=\"column-7\">technisch<\/td>\n<\/tr>\n<tr class=\"row-111\">\n\t<td class=\"column-1\">006<\/td><td class=\"column-2\">14.01.2021<\/td><td class=\"column-3\">13:30<\/td><td class=\"column-4\">t1<\/td><td class=\"column-5\">Wolfurt G\u00fcterbahnhof<\/td><td class=\"column-6\"><a href=\"https:\/\/www.fw-oebb.at\/index.php\/2021\/01\/16\/einsatz-006-wolfurt-guterbahnhof-fahrzeugbergung\/\">Fahrzeugbergung<\/a><\/td><td class=\"column-7\">technisch<\/td>\n<\/tr>\n<tr class=\"row-112\">\n\t<td class=\"column-1\">005<\/td><td class=\"column-2\">14.01.2021<\/td><td class=\"column-3\">12:39<\/td><td class=\"column-4\">t1<\/td><td class=\"column-5\">Arlbergbahnstrecke<\/td><td class=\"column-6\"><a href=\"https:\/\/www.fw-oebb.at\/index.php\/2021\/01\/14\/einsatz-005-arlbergbahnstrecke-baum-auf-gleis\/\">Baum auf Gleis<\/a><\/td><td class=\"column-7\">technisch<\/td>\n<\/tr>\n<tr class=\"row-113\">\n\t<td class=\"column-1\">004<\/td><td class=\"column-2\">14.01.2021<\/td><td class=\"column-3\">06:14<\/td><td class=\"column-4\">t1<\/td><td class=\"column-5\">Rankweil, Churerstra\u00dfe<\/td><td class=\"column-6\"><a href=\"https:\/\/www.fw-oebb.at\/index.php\/2021\/01\/14\/einsatz-004-rankweil-churerstrase-bahnunterfuhrung-uberschwemmt\/\">Bahnunterf\u00fchrung \u00fcberschwemmt<\/a><\/td><td class=\"column-7\">technisch<\/td>\n<\/tr>\n<tr class=\"row-114\">\n\t<td class=\"column-1\">003<\/td><td class=\"column-2\">11.01.2021<\/td><td class=\"column-3\">15:08<\/td><td class=\"column-4\">f11<\/td><td class=\"column-5\">Bahnhof Dornbirn<\/td><td class=\"column-6\"><a href=\"https:\/\/www.fw-oebb.at\/index.php\/2021\/01\/11\/einsatz-003-bahnhof-dornbirn-techn-einsatz\/\">techn. Einsatz<\/a><\/td><td class=\"column-7\">technisch<\/td>\n<\/tr>\n<tr class=\"row-115\">\n\t<td class=\"column-1\">002<\/td><td class=\"column-2\">09.01.2021<\/td><td class=\"column-3\">10:59<\/td><td class=\"column-4\">t2<\/td><td class=\"column-5\">Lauterach, Lerchenauerstra\u00dfe<\/td><td class=\"column-6\"><a href=\"https:\/\/www.fw-oebb.at\/index.php\/2021\/01\/09\/einsatz-002-lauterach-lerchenauerstrase-kleintransporter-steckt-in-unterfuhrung\/\">Kleintransporter steckt in Unterf\u00fchrung<\/a><\/td><td class=\"column-7\">technisch<\/td>\n<\/tr>\n<tr class=\"row-116\">\n\t<td class=\"column-1\">001<\/td><td class=\"column-2\">05.01.2021<\/td><td class=\"column-3\">23:40<\/td><td class=\"column-4\">f11<\/td><td class=\"column-5\">\u00d6BB Strecke Feldkirch-Buchs<\/td><td class=\"column-6\"><a href=\"https:\/\/www.fw-oebb.at\/index.php\/2021\/01\/06\/einsatz-001-obb-strecke-feldkirch-buchs-shuttledienst-benotigt\/\">Shuttledienst ben\u00f6tigt<\/a><\/td><td class=\"column-7\">technisch<\/td>\n<\/tr>\n<\/tbody>\n<\/table>\n<!-- #tablepress-35 from cache -->\n","protected":false},"excerpt":{"rendered":"","protected":false},"author":2,"featured_media":0,"parent":0,"menu_order":0,"comment_status":"closed","ping_status":"closed","template":"","meta":{"ngg_post_thumbnail":0,"footnotes":""},"class_list":["post-4060","page","type-page","status-publish","hentry"],"_links":{"self":[{"href":"https:\/\/www.fw-oebb.at\/index.php\/wp-json\/wp\/v2\/pages\/4060","targetHints":{"allow":["GET"]}}],"collection":[{"href":"https:\/\/www.fw-oebb.at\/index.php\/wp-json\/wp\/v2\/pages"}],"about":[{"href":"https:\/\/www.fw-oebb.at\/index.php\/wp-json\/wp\/v2\/types\/page"}],"author":[{"embeddable":true,"href":"https:\/\/www.fw-oebb.at\/index.php\/wp-json\/wp\/v2\/users\/2"}],"replies":[{"embeddable":true,"href":"https:\/\/www.fw-oebb.at\/index.php\/wp-json\/wp\/v2\/comments?post=4060"}],"version-history":[{"count":2,"href":"https:\/\/www.fw-oebb.at\/index.php\/wp-json\/wp\/v2\/pages\/4060\/revisions"}],"predecessor-version":[{"id":4069,"href":"https:\/\/www.fw-oebb.at\/index.php\/wp-json\/wp\/v2\/pages\/4060\/revisions\/4069"}],"wp:attachment":[{"href":"https:\/\/www.fw-oebb.at\/index.php\/wp-json\/wp\/v2\/media?parent=4060"}],"curies":[{"name":"wp","href":"https:\/\/api.w.org\/{rel}","templated":true}]}}