{"id":57,"date":"2018-10-04T18:14:38","date_gmt":"2018-10-04T16:14:38","guid":{"rendered":"http:\/\/wordpress.btf317.at\/?page_id=57"},"modified":"2025-03-26T12:38:53","modified_gmt":"2025-03-26T11:38:53","slug":"ausschuss","status":"publish","type":"page","link":"https:\/\/www.fw-oebb.at\/index.php\/ausschuss\/","title":{"rendered":"Ausschuss"},"content":{"rendered":"\t\t<div data-elementor-type=\"wp-post\" data-elementor-id=\"57\" class=\"elementor elementor-57\">\n\t\t\t\t\t\t<section class=\"elementor-section elementor-top-section elementor-element elementor-element-635583a elementor-section-boxed elementor-section-height-default elementor-section-height-default\" data-id=\"635583a\" data-element_type=\"section\" data-e-type=\"section\">\n\t\t\t\t\t\t<div class=\"elementor-container elementor-column-gap-default\">\n\t\t\t\t\t<div class=\"elementor-column elementor-col-33 elementor-top-column elementor-element elementor-element-e618a5c\" data-id=\"e618a5c\" data-element_type=\"column\" data-e-type=\"column\">\n\t\t\t<div class=\"elementor-widget-wrap elementor-element-populated\">\n\t\t\t\t\t\t<div class=\"elementor-element elementor-element-0c8d483 elementor-widget elementor-widget-image\" data-id=\"0c8d483\" data-element_type=\"widget\" data-e-type=\"widget\" data-widget_type=\"image.default\">\n\t\t\t\t<div class=\"elementor-widget-container\">\n\t\t\t\t\t\t\t\t\t\t\t\t\t\t\t<img fetchpriority=\"high\" decoding=\"async\" width=\"300\" height=\"200\" src=\"https:\/\/www.fw-oebb.at\/wp-content\/uploads\/2025\/03\/20250322-K-2-Portrait-Mayr-Markus-300x200.jpg\" class=\"attachment-medium size-medium wp-image-7384\" alt=\"\" srcset=\"https:\/\/www.fw-oebb.at\/wp-content\/uploads\/2025\/03\/20250322-K-2-Portrait-Mayr-Markus-300x200.jpg 300w, https:\/\/www.fw-oebb.at\/wp-content\/uploads\/2025\/03\/20250322-K-2-Portrait-Mayr-Markus-768x511.jpg 768w, https:\/\/www.fw-oebb.at\/wp-content\/uploads\/2025\/03\/20250322-K-2-Portrait-Mayr-Markus-230x153.jpg 230w, https:\/\/www.fw-oebb.at\/wp-content\/uploads\/2025\/03\/20250322-K-2-Portrait-Mayr-Markus-350x233.jpg 350w, https:\/\/www.fw-oebb.at\/wp-content\/uploads\/2025\/03\/20250322-K-2-Portrait-Mayr-Markus-480x320.jpg 480w, https:\/\/www.fw-oebb.at\/wp-content\/uploads\/2025\/03\/20250322-K-2-Portrait-Mayr-Markus-250x167.jpg 250w, https:\/\/www.fw-oebb.at\/wp-content\/uploads\/2025\/03\/20250322-K-2-Portrait-Mayr-Markus-550x366.jpg 550w, https:\/\/www.fw-oebb.at\/wp-content\/uploads\/2025\/03\/20250322-K-2-Portrait-Mayr-Markus-800x533.jpg 800w, https:\/\/www.fw-oebb.at\/wp-content\/uploads\/2025\/03\/20250322-K-2-Portrait-Mayr-Markus-270x180.jpg 270w, https:\/\/www.fw-oebb.at\/wp-content\/uploads\/2025\/03\/20250322-K-2-Portrait-Mayr-Markus-450x300.jpg 450w, https:\/\/www.fw-oebb.at\/wp-content\/uploads\/2025\/03\/20250322-K-2-Portrait-Mayr-Markus-751x500.jpg 751w, https:\/\/www.fw-oebb.at\/wp-content\/uploads\/2025\/03\/20250322-K-2-Portrait-Mayr-Markus.jpg 1000w\" sizes=\"(max-width: 300px) 100vw, 300px\" \/>\t\t\t\t\t\t\t\t\t\t\t\t\t\t\t<\/div>\n\t\t\t\t<\/div>\n\t\t\t\t<div class=\"elementor-element elementor-element-6678041 elementor-widget elementor-widget-text-editor\" data-id=\"6678041\" data-element_type=\"widget\" data-e-type=\"widget\" data-widget_type=\"text-editor.default\">\n\t\t\t\t<div class=\"elementor-widget-container\">\n\t\t\t\t\t\t\t\t\t<p style=\"text-align: center;\"><strong>Kommandant<\/strong><br \/>Markus Mayr<\/p>\t\t\t\t\t\t\t\t<\/div>\n\t\t\t\t<\/div>\n\t\t\t\t\t<\/div>\n\t\t<\/div>\n\t\t\t\t<div class=\"elementor-column elementor-col-33 elementor-top-column elementor-element elementor-element-696d87e\" data-id=\"696d87e\" data-element_type=\"column\" data-e-type=\"column\">\n\t\t\t<div class=\"elementor-widget-wrap elementor-element-populated\">\n\t\t\t\t\t\t<div class=\"elementor-element elementor-element-ded1771 elementor-widget elementor-widget-image\" data-id=\"ded1771\" data-element_type=\"widget\" data-e-type=\"widget\" data-widget_type=\"image.default\">\n\t\t\t\t<div class=\"elementor-widget-container\">\n\t\t\t\t\t\t\t\t\t\t\t\t\t\t\t<img decoding=\"async\" width=\"300\" height=\"200\" src=\"https:\/\/www.fw-oebb.at\/wp-content\/uploads\/2025\/03\/20250322-K-2-Portrait-Fink-Bernd-300x200.jpg\" class=\"attachment-medium size-medium wp-image-7381\" alt=\"\" srcset=\"https:\/\/www.fw-oebb.at\/wp-content\/uploads\/2025\/03\/20250322-K-2-Portrait-Fink-Bernd-300x200.jpg 300w, https:\/\/www.fw-oebb.at\/wp-content\/uploads\/2025\/03\/20250322-K-2-Portrait-Fink-Bernd-768x511.jpg 768w, https:\/\/www.fw-oebb.at\/wp-content\/uploads\/2025\/03\/20250322-K-2-Portrait-Fink-Bernd-230x153.jpg 230w, https:\/\/www.fw-oebb.at\/wp-content\/uploads\/2025\/03\/20250322-K-2-Portrait-Fink-Bernd-350x233.jpg 350w, https:\/\/www.fw-oebb.at\/wp-content\/uploads\/2025\/03\/20250322-K-2-Portrait-Fink-Bernd-480x320.jpg 480w, https:\/\/www.fw-oebb.at\/wp-content\/uploads\/2025\/03\/20250322-K-2-Portrait-Fink-Bernd-250x167.jpg 250w, https:\/\/www.fw-oebb.at\/wp-content\/uploads\/2025\/03\/20250322-K-2-Portrait-Fink-Bernd-550x366.jpg 550w, https:\/\/www.fw-oebb.at\/wp-content\/uploads\/2025\/03\/20250322-K-2-Portrait-Fink-Bernd-800x533.jpg 800w, https:\/\/www.fw-oebb.at\/wp-content\/uploads\/2025\/03\/20250322-K-2-Portrait-Fink-Bernd-270x180.jpg 270w, https:\/\/www.fw-oebb.at\/wp-content\/uploads\/2025\/03\/20250322-K-2-Portrait-Fink-Bernd-450x300.jpg 450w, https:\/\/www.fw-oebb.at\/wp-content\/uploads\/2025\/03\/20250322-K-2-Portrait-Fink-Bernd-751x500.jpg 751w, https:\/\/www.fw-oebb.at\/wp-content\/uploads\/2025\/03\/20250322-K-2-Portrait-Fink-Bernd.jpg 1000w\" sizes=\"(max-width: 300px) 100vw, 300px\" \/>\t\t\t\t\t\t\t\t\t\t\t\t\t\t\t<\/div>\n\t\t\t\t<\/div>\n\t\t\t\t<div class=\"elementor-element elementor-element-12275e9 elementor-widget elementor-widget-text-editor\" data-id=\"12275e9\" data-element_type=\"widget\" data-e-type=\"widget\" data-widget_type=\"text-editor.default\">\n\t\t\t\t<div class=\"elementor-widget-container\">\n\t\t\t\t\t\t\t\t\t<p style=\"text-align: center;\"><strong>Kommandant Stv.<\/strong><br \/>Bernd Fink<\/p>\t\t\t\t\t\t\t\t<\/div>\n\t\t\t\t<\/div>\n\t\t\t\t\t<\/div>\n\t\t<\/div>\n\t\t\t\t<div class=\"elementor-column elementor-col-33 elementor-top-column elementor-element elementor-element-3486d2d\" data-id=\"3486d2d\" data-element_type=\"column\" data-e-type=\"column\">\n\t\t\t<div class=\"elementor-widget-wrap elementor-element-populated\">\n\t\t\t\t\t\t<div class=\"elementor-element elementor-element-d63f8af elementor-widget elementor-widget-image\" data-id=\"d63f8af\" data-element_type=\"widget\" data-e-type=\"widget\" data-widget_type=\"image.default\">\n\t\t\t\t<div class=\"elementor-widget-container\">\n\t\t\t\t\t\t\t\t\t\t\t\t\t\t\t<img decoding=\"async\" width=\"300\" height=\"200\" src=\"https:\/\/www.fw-oebb.at\/wp-content\/uploads\/2025\/03\/20250322-K-2-Portrait-Wirth-Julian-300x200.jpg\" class=\"attachment-medium size-medium wp-image-7387\" alt=\"\" srcset=\"https:\/\/www.fw-oebb.at\/wp-content\/uploads\/2025\/03\/20250322-K-2-Portrait-Wirth-Julian-300x200.jpg 300w, https:\/\/www.fw-oebb.at\/wp-content\/uploads\/2025\/03\/20250322-K-2-Portrait-Wirth-Julian-768x511.jpg 768w, https:\/\/www.fw-oebb.at\/wp-content\/uploads\/2025\/03\/20250322-K-2-Portrait-Wirth-Julian-230x153.jpg 230w, https:\/\/www.fw-oebb.at\/wp-content\/uploads\/2025\/03\/20250322-K-2-Portrait-Wirth-Julian-350x233.jpg 350w, https:\/\/www.fw-oebb.at\/wp-content\/uploads\/2025\/03\/20250322-K-2-Portrait-Wirth-Julian-480x320.jpg 480w, https:\/\/www.fw-oebb.at\/wp-content\/uploads\/2025\/03\/20250322-K-2-Portrait-Wirth-Julian-250x167.jpg 250w, https:\/\/www.fw-oebb.at\/wp-content\/uploads\/2025\/03\/20250322-K-2-Portrait-Wirth-Julian-550x366.jpg 550w, https:\/\/www.fw-oebb.at\/wp-content\/uploads\/2025\/03\/20250322-K-2-Portrait-Wirth-Julian-800x533.jpg 800w, https:\/\/www.fw-oebb.at\/wp-content\/uploads\/2025\/03\/20250322-K-2-Portrait-Wirth-Julian-270x180.jpg 270w, https:\/\/www.fw-oebb.at\/wp-content\/uploads\/2025\/03\/20250322-K-2-Portrait-Wirth-Julian-450x300.jpg 450w, https:\/\/www.fw-oebb.at\/wp-content\/uploads\/2025\/03\/20250322-K-2-Portrait-Wirth-Julian-751x500.jpg 751w, https:\/\/www.fw-oebb.at\/wp-content\/uploads\/2025\/03\/20250322-K-2-Portrait-Wirth-Julian.jpg 1000w\" sizes=\"(max-width: 300px) 100vw, 300px\" \/>\t\t\t\t\t\t\t\t\t\t\t\t\t\t\t<\/div>\n\t\t\t\t<\/div>\n\t\t\t\t<div class=\"elementor-element elementor-element-82b1989 elementor-widget elementor-widget-text-editor\" data-id=\"82b1989\" data-element_type=\"widget\" data-e-type=\"widget\" data-widget_type=\"text-editor.default\">\n\t\t\t\t<div class=\"elementor-widget-container\">\n\t\t\t\t\t\t\t\t\t<p style=\"text-align: center;\"><strong>F\u00fchrungsunterst\u00fctzung<\/strong><br \/>Julian Wirth<\/p>\t\t\t\t\t\t\t\t<\/div>\n\t\t\t\t<\/div>\n\t\t\t\t\t<\/div>\n\t\t<\/div>\n\t\t\t\t\t<\/div>\n\t\t<\/section>\n\t\t\t\t<section class=\"elementor-section elementor-top-section elementor-element elementor-element-5cba9d1 elementor-section-boxed elementor-section-height-default elementor-section-height-default\" data-id=\"5cba9d1\" data-element_type=\"section\" data-e-type=\"section\">\n\t\t\t\t\t\t<div class=\"elementor-container elementor-column-gap-default\">\n\t\t\t\t\t<div class=\"elementor-column elementor-col-33 elementor-top-column elementor-element elementor-element-7ed26fe\" data-id=\"7ed26fe\" data-element_type=\"column\" data-e-type=\"column\">\n\t\t\t<div class=\"elementor-widget-wrap elementor-element-populated\">\n\t\t\t\t\t\t<div class=\"elementor-element elementor-element-7430977 elementor-widget elementor-widget-image\" data-id=\"7430977\" data-element_type=\"widget\" data-e-type=\"widget\" data-widget_type=\"image.default\">\n\t\t\t\t<div class=\"elementor-widget-container\">\n\t\t\t\t\t\t\t\t\t\t\t\t\t\t\t<img loading=\"lazy\" decoding=\"async\" width=\"300\" height=\"200\" src=\"https:\/\/www.fw-oebb.at\/wp-content\/uploads\/2025\/03\/20250322-K-1-Portrait-Illigasch-Julian-300x200.jpg\" class=\"attachment-medium size-medium wp-image-7389\" alt=\"\" srcset=\"https:\/\/www.fw-oebb.at\/wp-content\/uploads\/2025\/03\/20250322-K-1-Portrait-Illigasch-Julian-300x200.jpg 300w, https:\/\/www.fw-oebb.at\/wp-content\/uploads\/2025\/03\/20250322-K-1-Portrait-Illigasch-Julian-768x511.jpg 768w, https:\/\/www.fw-oebb.at\/wp-content\/uploads\/2025\/03\/20250322-K-1-Portrait-Illigasch-Julian-230x153.jpg 230w, https:\/\/www.fw-oebb.at\/wp-content\/uploads\/2025\/03\/20250322-K-1-Portrait-Illigasch-Julian-350x233.jpg 350w, https:\/\/www.fw-oebb.at\/wp-content\/uploads\/2025\/03\/20250322-K-1-Portrait-Illigasch-Julian-480x320.jpg 480w, https:\/\/www.fw-oebb.at\/wp-content\/uploads\/2025\/03\/20250322-K-1-Portrait-Illigasch-Julian-250x167.jpg 250w, https:\/\/www.fw-oebb.at\/wp-content\/uploads\/2025\/03\/20250322-K-1-Portrait-Illigasch-Julian-550x366.jpg 550w, https:\/\/www.fw-oebb.at\/wp-content\/uploads\/2025\/03\/20250322-K-1-Portrait-Illigasch-Julian-800x533.jpg 800w, https:\/\/www.fw-oebb.at\/wp-content\/uploads\/2025\/03\/20250322-K-1-Portrait-Illigasch-Julian-270x180.jpg 270w, https:\/\/www.fw-oebb.at\/wp-content\/uploads\/2025\/03\/20250322-K-1-Portrait-Illigasch-Julian-450x300.jpg 450w, https:\/\/www.fw-oebb.at\/wp-content\/uploads\/2025\/03\/20250322-K-1-Portrait-Illigasch-Julian-751x500.jpg 751w, https:\/\/www.fw-oebb.at\/wp-content\/uploads\/2025\/03\/20250322-K-1-Portrait-Illigasch-Julian.jpg 1000w\" sizes=\"(max-width: 300px) 100vw, 300px\" \/>\t\t\t\t\t\t\t\t\t\t\t\t\t\t\t<\/div>\n\t\t\t\t<\/div>\n\t\t\t\t<div class=\"elementor-element elementor-element-4fecb67 elementor-widget elementor-widget-text-editor\" data-id=\"4fecb67\" data-element_type=\"widget\" data-e-type=\"widget\" data-widget_type=\"text-editor.default\">\n\t\t\t\t<div class=\"elementor-widget-container\">\n\t\t\t\t\t\t\t\t\t<p style=\"text-align: center;\"><strong>Schriftf\u00fchrer<\/strong><br \/>Julian Illigasch<\/p>\t\t\t\t\t\t\t\t<\/div>\n\t\t\t\t<\/div>\n\t\t\t\t\t<\/div>\n\t\t<\/div>\n\t\t\t\t<div class=\"elementor-column elementor-col-33 elementor-top-column elementor-element elementor-element-34a1dba\" data-id=\"34a1dba\" data-element_type=\"column\" data-e-type=\"column\">\n\t\t\t<div class=\"elementor-widget-wrap elementor-element-populated\">\n\t\t\t\t\t\t<div class=\"elementor-element elementor-element-ab37f75 elementor-widget elementor-widget-image\" data-id=\"ab37f75\" data-element_type=\"widget\" data-e-type=\"widget\" data-widget_type=\"image.default\">\n\t\t\t\t<div class=\"elementor-widget-container\">\n\t\t\t\t\t\t\t\t\t\t\t\t\t\t\t<img loading=\"lazy\" decoding=\"async\" width=\"300\" height=\"200\" src=\"https:\/\/www.fw-oebb.at\/wp-content\/uploads\/2024\/03\/20240224-K-2-Portrait-Frener-Harald-300x200.jpg\" class=\"attachment-medium size-medium wp-image-6676\" alt=\"\" srcset=\"https:\/\/www.fw-oebb.at\/wp-content\/uploads\/2024\/03\/20240224-K-2-Portrait-Frener-Harald-300x200.jpg 300w, https:\/\/www.fw-oebb.at\/wp-content\/uploads\/2024\/03\/20240224-K-2-Portrait-Frener-Harald-768x511.jpg 768w, https:\/\/www.fw-oebb.at\/wp-content\/uploads\/2024\/03\/20240224-K-2-Portrait-Frener-Harald-230x153.jpg 230w, https:\/\/www.fw-oebb.at\/wp-content\/uploads\/2024\/03\/20240224-K-2-Portrait-Frener-Harald-350x233.jpg 350w, https:\/\/www.fw-oebb.at\/wp-content\/uploads\/2024\/03\/20240224-K-2-Portrait-Frener-Harald-480x320.jpg 480w, https:\/\/www.fw-oebb.at\/wp-content\/uploads\/2024\/03\/20240224-K-2-Portrait-Frener-Harald-250x167.jpg 250w, https:\/\/www.fw-oebb.at\/wp-content\/uploads\/2024\/03\/20240224-K-2-Portrait-Frener-Harald-550x366.jpg 550w, https:\/\/www.fw-oebb.at\/wp-content\/uploads\/2024\/03\/20240224-K-2-Portrait-Frener-Harald-800x533.jpg 800w, https:\/\/www.fw-oebb.at\/wp-content\/uploads\/2024\/03\/20240224-K-2-Portrait-Frener-Harald-270x180.jpg 270w, https:\/\/www.fw-oebb.at\/wp-content\/uploads\/2024\/03\/20240224-K-2-Portrait-Frener-Harald-450x300.jpg 450w, https:\/\/www.fw-oebb.at\/wp-content\/uploads\/2024\/03\/20240224-K-2-Portrait-Frener-Harald-751x500.jpg 751w, https:\/\/www.fw-oebb.at\/wp-content\/uploads\/2024\/03\/20240224-K-2-Portrait-Frener-Harald.jpg 1000w\" sizes=\"(max-width: 300px) 100vw, 300px\" \/>\t\t\t\t\t\t\t\t\t\t\t\t\t\t\t<\/div>\n\t\t\t\t<\/div>\n\t\t\t\t<div class=\"elementor-element elementor-element-e3f5c6f elementor-widget elementor-widget-text-editor\" data-id=\"e3f5c6f\" data-element_type=\"widget\" data-e-type=\"widget\" data-widget_type=\"text-editor.default\">\n\t\t\t\t<div class=\"elementor-widget-container\">\n\t\t\t\t\t\t\t\t\t<p style=\"text-align: center;\"><strong>Kassier<\/strong><br \/>Harald Frener<\/p>\t\t\t\t\t\t\t\t<\/div>\n\t\t\t\t<\/div>\n\t\t\t\t\t<\/div>\n\t\t<\/div>\n\t\t\t\t<div class=\"elementor-column elementor-col-33 elementor-top-column elementor-element elementor-element-0108bb5\" data-id=\"0108bb5\" data-element_type=\"column\" data-e-type=\"column\">\n\t\t\t<div class=\"elementor-widget-wrap elementor-element-populated\">\n\t\t\t\t\t\t<div class=\"elementor-element elementor-element-ba1adc4 elementor-widget elementor-widget-image\" data-id=\"ba1adc4\" data-element_type=\"widget\" data-e-type=\"widget\" data-widget_type=\"image.default\">\n\t\t\t\t<div class=\"elementor-widget-container\">\n\t\t\t\t\t\t\t\t\t\t\t\t\t\t\t<img loading=\"lazy\" decoding=\"async\" width=\"300\" height=\"200\" src=\"https:\/\/www.fw-oebb.at\/wp-content\/uploads\/2025\/03\/20250322-K-2-Portrait-Fassler-Norbert-300x200.jpg\" class=\"attachment-medium size-medium wp-image-7380\" alt=\"\" srcset=\"https:\/\/www.fw-oebb.at\/wp-content\/uploads\/2025\/03\/20250322-K-2-Portrait-Fassler-Norbert-300x200.jpg 300w, https:\/\/www.fw-oebb.at\/wp-content\/uploads\/2025\/03\/20250322-K-2-Portrait-Fassler-Norbert-768x511.jpg 768w, https:\/\/www.fw-oebb.at\/wp-content\/uploads\/2025\/03\/20250322-K-2-Portrait-Fassler-Norbert-230x153.jpg 230w, https:\/\/www.fw-oebb.at\/wp-content\/uploads\/2025\/03\/20250322-K-2-Portrait-Fassler-Norbert-350x233.jpg 350w, https:\/\/www.fw-oebb.at\/wp-content\/uploads\/2025\/03\/20250322-K-2-Portrait-Fassler-Norbert-480x320.jpg 480w, https:\/\/www.fw-oebb.at\/wp-content\/uploads\/2025\/03\/20250322-K-2-Portrait-Fassler-Norbert-250x167.jpg 250w, https:\/\/www.fw-oebb.at\/wp-content\/uploads\/2025\/03\/20250322-K-2-Portrait-Fassler-Norbert-550x366.jpg 550w, https:\/\/www.fw-oebb.at\/wp-content\/uploads\/2025\/03\/20250322-K-2-Portrait-Fassler-Norbert-800x533.jpg 800w, https:\/\/www.fw-oebb.at\/wp-content\/uploads\/2025\/03\/20250322-K-2-Portrait-Fassler-Norbert-270x180.jpg 270w, https:\/\/www.fw-oebb.at\/wp-content\/uploads\/2025\/03\/20250322-K-2-Portrait-Fassler-Norbert-450x300.jpg 450w, https:\/\/www.fw-oebb.at\/wp-content\/uploads\/2025\/03\/20250322-K-2-Portrait-Fassler-Norbert-751x500.jpg 751w, https:\/\/www.fw-oebb.at\/wp-content\/uploads\/2025\/03\/20250322-K-2-Portrait-Fassler-Norbert.jpg 1000w\" sizes=\"(max-width: 300px) 100vw, 300px\" \/>\t\t\t\t\t\t\t\t\t\t\t\t\t\t\t<\/div>\n\t\t\t\t<\/div>\n\t\t\t\t<div class=\"elementor-element elementor-element-2fb541c elementor-widget elementor-widget-text-editor\" data-id=\"2fb541c\" data-element_type=\"widget\" data-e-type=\"widget\" data-widget_type=\"text-editor.default\">\n\t\t\t\t<div class=\"elementor-widget-container\">\n\t\t\t\t\t\t\t\t\t<p style=\"text-align: center;\"><strong>Mannschaftsvertreter<\/strong><br \/><strong>Zugskommandant<\/strong><br \/>Norbert F\u00e4ssler<\/p>\t\t\t\t\t\t\t\t<\/div>\n\t\t\t\t<\/div>\n\t\t\t\t\t<\/div>\n\t\t<\/div>\n\t\t\t\t\t<\/div>\n\t\t<\/section>\n\t\t\t\t<section class=\"elementor-section elementor-top-section elementor-element elementor-element-1d9e338 elementor-section-boxed elementor-section-height-default elementor-section-height-default\" data-id=\"1d9e338\" data-element_type=\"section\" data-e-type=\"section\">\n\t\t\t\t\t\t<div class=\"elementor-container elementor-column-gap-default\">\n\t\t\t\t\t<div class=\"elementor-column elementor-col-33 elementor-top-column elementor-element elementor-element-f0cd756\" data-id=\"f0cd756\" data-element_type=\"column\" data-e-type=\"column\">\n\t\t\t<div class=\"elementor-widget-wrap elementor-element-populated\">\n\t\t\t\t\t\t<div class=\"elementor-element elementor-element-1eb43d8 elementor-widget elementor-widget-image\" data-id=\"1eb43d8\" data-element_type=\"widget\" data-e-type=\"widget\" data-widget_type=\"image.default\">\n\t\t\t\t<div class=\"elementor-widget-container\">\n\t\t\t\t\t\t\t\t\t\t\t\t\t\t\t<img loading=\"lazy\" decoding=\"async\" width=\"300\" height=\"200\" src=\"https:\/\/www.fw-oebb.at\/wp-content\/uploads\/2025\/03\/20250322-K-2-Portrait-Nairz-Josef-300x200.jpg\" class=\"attachment-medium size-medium wp-image-7385\" alt=\"\" srcset=\"https:\/\/www.fw-oebb.at\/wp-content\/uploads\/2025\/03\/20250322-K-2-Portrait-Nairz-Josef-300x200.jpg 300w, https:\/\/www.fw-oebb.at\/wp-content\/uploads\/2025\/03\/20250322-K-2-Portrait-Nairz-Josef-768x511.jpg 768w, https:\/\/www.fw-oebb.at\/wp-content\/uploads\/2025\/03\/20250322-K-2-Portrait-Nairz-Josef-230x153.jpg 230w, https:\/\/www.fw-oebb.at\/wp-content\/uploads\/2025\/03\/20250322-K-2-Portrait-Nairz-Josef-350x233.jpg 350w, https:\/\/www.fw-oebb.at\/wp-content\/uploads\/2025\/03\/20250322-K-2-Portrait-Nairz-Josef-480x320.jpg 480w, https:\/\/www.fw-oebb.at\/wp-content\/uploads\/2025\/03\/20250322-K-2-Portrait-Nairz-Josef-250x167.jpg 250w, https:\/\/www.fw-oebb.at\/wp-content\/uploads\/2025\/03\/20250322-K-2-Portrait-Nairz-Josef-550x366.jpg 550w, https:\/\/www.fw-oebb.at\/wp-content\/uploads\/2025\/03\/20250322-K-2-Portrait-Nairz-Josef-800x533.jpg 800w, https:\/\/www.fw-oebb.at\/wp-content\/uploads\/2025\/03\/20250322-K-2-Portrait-Nairz-Josef-270x180.jpg 270w, https:\/\/www.fw-oebb.at\/wp-content\/uploads\/2025\/03\/20250322-K-2-Portrait-Nairz-Josef-450x300.jpg 450w, https:\/\/www.fw-oebb.at\/wp-content\/uploads\/2025\/03\/20250322-K-2-Portrait-Nairz-Josef-751x500.jpg 751w, https:\/\/www.fw-oebb.at\/wp-content\/uploads\/2025\/03\/20250322-K-2-Portrait-Nairz-Josef.jpg 1000w\" sizes=\"(max-width: 300px) 100vw, 300px\" \/>\t\t\t\t\t\t\t\t\t\t\t\t\t\t\t<\/div>\n\t\t\t\t<\/div>\n\t\t\t\t<div class=\"elementor-element elementor-element-a6576b7 elementor-widget elementor-widget-text-editor\" data-id=\"a6576b7\" data-element_type=\"widget\" data-e-type=\"widget\" data-widget_type=\"text-editor.default\">\n\t\t\t\t<div class=\"elementor-widget-container\">\n\t\t\t\t\t\t\t\t\t<p style=\"text-align: center;\"><strong>Zugskommandant<\/strong><br \/>Josef Nairz<\/p>\t\t\t\t\t\t\t\t<\/div>\n\t\t\t\t<\/div>\n\t\t\t\t\t<\/div>\n\t\t<\/div>\n\t\t\t\t<div class=\"elementor-column elementor-col-33 elementor-top-column elementor-element elementor-element-e517848\" data-id=\"e517848\" data-element_type=\"column\" data-e-type=\"column\">\n\t\t\t<div class=\"elementor-widget-wrap elementor-element-populated\">\n\t\t\t\t\t\t<div class=\"elementor-element elementor-element-526c77e elementor-widget elementor-widget-image\" data-id=\"526c77e\" data-element_type=\"widget\" data-e-type=\"widget\" data-widget_type=\"image.default\">\n\t\t\t\t<div class=\"elementor-widget-container\">\n\t\t\t\t\t\t\t\t\t\t\t\t\t\t\t<img loading=\"lazy\" decoding=\"async\" width=\"300\" height=\"200\" src=\"https:\/\/www.fw-oebb.at\/wp-content\/uploads\/2024\/03\/20240224-K-1-Portrait-Hopfner-Martin-300x200.jpg\" class=\"attachment-medium size-medium wp-image-6669\" alt=\"\" srcset=\"https:\/\/www.fw-oebb.at\/wp-content\/uploads\/2024\/03\/20240224-K-1-Portrait-Hopfner-Martin-300x200.jpg 300w, https:\/\/www.fw-oebb.at\/wp-content\/uploads\/2024\/03\/20240224-K-1-Portrait-Hopfner-Martin-768x511.jpg 768w, https:\/\/www.fw-oebb.at\/wp-content\/uploads\/2024\/03\/20240224-K-1-Portrait-Hopfner-Martin-230x153.jpg 230w, https:\/\/www.fw-oebb.at\/wp-content\/uploads\/2024\/03\/20240224-K-1-Portrait-Hopfner-Martin-350x233.jpg 350w, https:\/\/www.fw-oebb.at\/wp-content\/uploads\/2024\/03\/20240224-K-1-Portrait-Hopfner-Martin-480x320.jpg 480w, https:\/\/www.fw-oebb.at\/wp-content\/uploads\/2024\/03\/20240224-K-1-Portrait-Hopfner-Martin-250x167.jpg 250w, https:\/\/www.fw-oebb.at\/wp-content\/uploads\/2024\/03\/20240224-K-1-Portrait-Hopfner-Martin-550x366.jpg 550w, https:\/\/www.fw-oebb.at\/wp-content\/uploads\/2024\/03\/20240224-K-1-Portrait-Hopfner-Martin-800x533.jpg 800w, https:\/\/www.fw-oebb.at\/wp-content\/uploads\/2024\/03\/20240224-K-1-Portrait-Hopfner-Martin-270x180.jpg 270w, https:\/\/www.fw-oebb.at\/wp-content\/uploads\/2024\/03\/20240224-K-1-Portrait-Hopfner-Martin-450x300.jpg 450w, https:\/\/www.fw-oebb.at\/wp-content\/uploads\/2024\/03\/20240224-K-1-Portrait-Hopfner-Martin-751x500.jpg 751w, https:\/\/www.fw-oebb.at\/wp-content\/uploads\/2024\/03\/20240224-K-1-Portrait-Hopfner-Martin.jpg 1000w\" sizes=\"(max-width: 300px) 100vw, 300px\" \/>\t\t\t\t\t\t\t\t\t\t\t\t\t\t\t<\/div>\n\t\t\t\t<\/div>\n\t\t\t\t<div class=\"elementor-element elementor-element-070cef3 elementor-widget elementor-widget-text-editor\" data-id=\"070cef3\" data-element_type=\"widget\" data-e-type=\"widget\" data-widget_type=\"text-editor.default\">\n\t\t\t\t<div class=\"elementor-widget-container\">\n\t\t\t\t\t\t\t\t\t<p style=\"text-align: center;\"><span style=\"font-weight: 600;\">Zugskommandant<\/span><br \/>Martin Hopfner<\/p>\t\t\t\t\t\t\t\t<\/div>\n\t\t\t\t<\/div>\n\t\t\t\t\t<\/div>\n\t\t<\/div>\n\t\t\t\t<div class=\"elementor-column elementor-col-33 elementor-top-column elementor-element elementor-element-bdf598b\" data-id=\"bdf598b\" data-element_type=\"column\" data-e-type=\"column\">\n\t\t\t<div class=\"elementor-widget-wrap elementor-element-populated\">\n\t\t\t\t\t\t<div class=\"elementor-element elementor-element-edc25ab elementor-widget elementor-widget-image\" data-id=\"edc25ab\" data-element_type=\"widget\" data-e-type=\"widget\" data-widget_type=\"image.default\">\n\t\t\t\t<div class=\"elementor-widget-container\">\n\t\t\t\t\t\t\t\t\t\t\t\t\t\t\t<img loading=\"lazy\" decoding=\"async\" width=\"300\" height=\"200\" src=\"https:\/\/www.fw-oebb.at\/wp-content\/uploads\/2025\/03\/20250322-K-2-Portrait-Lampert-Daniel-300x200.jpg\" class=\"attachment-medium size-medium wp-image-7383\" alt=\"\" srcset=\"https:\/\/www.fw-oebb.at\/wp-content\/uploads\/2025\/03\/20250322-K-2-Portrait-Lampert-Daniel-300x200.jpg 300w, https:\/\/www.fw-oebb.at\/wp-content\/uploads\/2025\/03\/20250322-K-2-Portrait-Lampert-Daniel-768x511.jpg 768w, https:\/\/www.fw-oebb.at\/wp-content\/uploads\/2025\/03\/20250322-K-2-Portrait-Lampert-Daniel-230x153.jpg 230w, https:\/\/www.fw-oebb.at\/wp-content\/uploads\/2025\/03\/20250322-K-2-Portrait-Lampert-Daniel-350x233.jpg 350w, https:\/\/www.fw-oebb.at\/wp-content\/uploads\/2025\/03\/20250322-K-2-Portrait-Lampert-Daniel-480x320.jpg 480w, https:\/\/www.fw-oebb.at\/wp-content\/uploads\/2025\/03\/20250322-K-2-Portrait-Lampert-Daniel-250x167.jpg 250w, https:\/\/www.fw-oebb.at\/wp-content\/uploads\/2025\/03\/20250322-K-2-Portrait-Lampert-Daniel-550x366.jpg 550w, https:\/\/www.fw-oebb.at\/wp-content\/uploads\/2025\/03\/20250322-K-2-Portrait-Lampert-Daniel-800x533.jpg 800w, https:\/\/www.fw-oebb.at\/wp-content\/uploads\/2025\/03\/20250322-K-2-Portrait-Lampert-Daniel-270x180.jpg 270w, https:\/\/www.fw-oebb.at\/wp-content\/uploads\/2025\/03\/20250322-K-2-Portrait-Lampert-Daniel-450x300.jpg 450w, https:\/\/www.fw-oebb.at\/wp-content\/uploads\/2025\/03\/20250322-K-2-Portrait-Lampert-Daniel-751x500.jpg 751w, https:\/\/www.fw-oebb.at\/wp-content\/uploads\/2025\/03\/20250322-K-2-Portrait-Lampert-Daniel.jpg 1000w\" sizes=\"(max-width: 300px) 100vw, 300px\" \/>\t\t\t\t\t\t\t\t\t\t\t\t\t\t\t<\/div>\n\t\t\t\t<\/div>\n\t\t\t\t<div class=\"elementor-element elementor-element-54f105d elementor-widget elementor-widget-text-editor\" data-id=\"54f105d\" data-element_type=\"widget\" data-e-type=\"widget\" data-widget_type=\"text-editor.default\">\n\t\t\t\t<div class=\"elementor-widget-container\">\n\t\t\t\t\t\t\t\t\t<p style=\"text-align: center;\"><strong>Zugskommandant<\/strong><br \/>Daniel Lampert<\/p>\t\t\t\t\t\t\t\t<\/div>\n\t\t\t\t<\/div>\n\t\t\t\t\t<\/div>\n\t\t<\/div>\n\t\t\t\t\t<\/div>\n\t\t<\/section>\n\t\t\t\t<section class=\"elementor-section elementor-top-section elementor-element elementor-element-1e658ce elementor-section-boxed elementor-section-height-default elementor-section-height-default\" data-id=\"1e658ce\" data-element_type=\"section\" data-e-type=\"section\">\n\t\t\t\t\t\t<div class=\"elementor-container elementor-column-gap-default\">\n\t\t\t\t\t<div class=\"elementor-column elementor-col-100 elementor-top-column elementor-element elementor-element-18918ca\" data-id=\"18918ca\" data-element_type=\"column\" data-e-type=\"column\">\n\t\t\t<div class=\"elementor-widget-wrap elementor-element-populated\">\n\t\t\t\t\t\t<div class=\"elementor-element elementor-element-87b96bc elementor-widget elementor-widget-image\" data-id=\"87b96bc\" data-element_type=\"widget\" data-e-type=\"widget\" data-widget_type=\"image.default\">\n\t\t\t\t<div class=\"elementor-widget-container\">\n\t\t\t\t\t\t\t\t\t\t\t\t\t\t\t<img loading=\"lazy\" decoding=\"async\" width=\"300\" height=\"200\" src=\"https:\/\/www.fw-oebb.at\/wp-content\/uploads\/2025\/03\/20250322-K-1-Portrait-Buchel-Wolfgang-300x200.jpg\" class=\"attachment-medium size-medium wp-image-7388\" alt=\"\" srcset=\"https:\/\/www.fw-oebb.at\/wp-content\/uploads\/2025\/03\/20250322-K-1-Portrait-Buchel-Wolfgang-300x200.jpg 300w, https:\/\/www.fw-oebb.at\/wp-content\/uploads\/2025\/03\/20250322-K-1-Portrait-Buchel-Wolfgang-768x511.jpg 768w, https:\/\/www.fw-oebb.at\/wp-content\/uploads\/2025\/03\/20250322-K-1-Portrait-Buchel-Wolfgang-230x153.jpg 230w, https:\/\/www.fw-oebb.at\/wp-content\/uploads\/2025\/03\/20250322-K-1-Portrait-Buchel-Wolfgang-350x233.jpg 350w, https:\/\/www.fw-oebb.at\/wp-content\/uploads\/2025\/03\/20250322-K-1-Portrait-Buchel-Wolfgang-480x320.jpg 480w, https:\/\/www.fw-oebb.at\/wp-content\/uploads\/2025\/03\/20250322-K-1-Portrait-Buchel-Wolfgang-250x167.jpg 250w, https:\/\/www.fw-oebb.at\/wp-content\/uploads\/2025\/03\/20250322-K-1-Portrait-Buchel-Wolfgang-550x366.jpg 550w, https:\/\/www.fw-oebb.at\/wp-content\/uploads\/2025\/03\/20250322-K-1-Portrait-Buchel-Wolfgang-800x533.jpg 800w, https:\/\/www.fw-oebb.at\/wp-content\/uploads\/2025\/03\/20250322-K-1-Portrait-Buchel-Wolfgang-270x180.jpg 270w, https:\/\/www.fw-oebb.at\/wp-content\/uploads\/2025\/03\/20250322-K-1-Portrait-Buchel-Wolfgang-450x300.jpg 450w, https:\/\/www.fw-oebb.at\/wp-content\/uploads\/2025\/03\/20250322-K-1-Portrait-Buchel-Wolfgang-751x500.jpg 751w, https:\/\/www.fw-oebb.at\/wp-content\/uploads\/2025\/03\/20250322-K-1-Portrait-Buchel-Wolfgang.jpg 1000w\" sizes=\"(max-width: 300px) 100vw, 300px\" \/>\t\t\t\t\t\t\t\t\t\t\t\t\t\t\t<\/div>\n\t\t\t\t<\/div>\n\t\t\t\t<div class=\"elementor-element elementor-element-1c1f42e elementor-widget elementor-widget-text-editor\" data-id=\"1c1f42e\" data-element_type=\"widget\" data-e-type=\"widget\" data-widget_type=\"text-editor.default\">\n\t\t\t\t<div class=\"elementor-widget-container\">\n\t\t\t\t\t\t\t\t\t<p style=\"text-align: center;\"><b>Altersabteilung\/Senioren<\/b><br \/>Wolfgang B\u00fcchel<\/p>\t\t\t\t\t\t\t\t<\/div>\n\t\t\t\t<\/div>\n\t\t\t\t\t<\/div>\n\t\t<\/div>\n\t\t\t\t\t<\/div>\n\t\t<\/section>\n\t\t\t\t<\/div>\n\t\t","protected":false},"excerpt":{"rendered":"<p>KommandantMarkus Mayr Kommandant Stv.Bernd Fink F\u00fchrungsunterst\u00fctzungJulian Wirth Schriftf\u00fchrerJulian Illigasch KassierHarald Frener MannschaftsvertreterZugskommandantNorbert F\u00e4ssler ZugskommandantJosef Nairz ZugskommandantMartin Hopfner ZugskommandantDaniel Lampert Altersabteilung\/SeniorenWolfgang B\u00fcchel<\/p>\n","protected":false},"author":2,"featured_media":0,"parent":0,"menu_order":0,"comment_status":"closed","ping_status":"closed","template":"","meta":{"ngg_post_thumbnail":0,"footnotes":""},"class_list":["post-57","page","type-page","status-publish","hentry"],"_links":{"self":[{"href":"https:\/\/www.fw-oebb.at\/index.php\/wp-json\/wp\/v2\/pages\/57","targetHints":{"allow":["GET"]}}],"collection":[{"href":"https:\/\/www.fw-oebb.at\/index.php\/wp-json\/wp\/v2\/pages"}],"about":[{"href":"https:\/\/www.fw-oebb.at\/index.php\/wp-json\/wp\/v2\/types\/page"}],"author":[{"embeddable":true,"href":"https:\/\/www.fw-oebb.at\/index.php\/wp-json\/wp\/v2\/users\/2"}],"replies":[{"embeddable":true,"href":"https:\/\/www.fw-oebb.at\/index.php\/wp-json\/wp\/v2\/comments?post=57"}],"version-history":[{"count":35,"href":"https:\/\/www.fw-oebb.at\/index.php\/wp-json\/wp\/v2\/pages\/57\/revisions"}],"predecessor-version":[{"id":7396,"href":"https:\/\/www.fw-oebb.at\/index.php\/wp-json\/wp\/v2\/pages\/57\/revisions\/7396"}],"wp:attachment":[{"href":"https:\/\/www.fw-oebb.at\/index.php\/wp-json\/wp\/v2\/media?parent=57"}],"curies":[{"name":"wp","href":"https:\/\/api.w.org\/{rel}","templated":true}]}}